{"id":47636,"date":"2019-11-10T20:55:18","date_gmt":"2019-11-10T19:55:18","guid":{"rendered":"https:\/\/rijeka2020.eu\/il-progetto\/riqualificazione-dei-palazzi\/djecja-kuca\/"},"modified":"2020-01-22T23:41:25","modified_gmt":"2020-01-22T22:41:25","slug":"la-casa-dellinfanzia","status":"publish","type":"page","link":"https:\/\/ri2020.eu\/it\/il-progetto\/riqualificazione-dei-palazzi\/la-casa-dellinfanzia\/","title":{"rendered":"La Casa dell\u2019infanzia"},"content":{"rendered":"<p>I lavori di ristrutturazione\u00a0 sono iniziati a marzo 2019 su una superficie di 1.948 metri quadrati e vengono eseguiti dall\u2019azienda INGRAD di Zagabria. Il valore dell\u2019intervento ammonta a 42,3 milioni di kune, mentre la supervisione dei lavori, che \u00e8 stata affidata all\u2019azienda Zem nadzor, verr\u00e0 a costare 319.615,62 kune.<\/p>\n<p>La Casa dell\u2019infanzia e la Biblioteca civica rientrano nel progetto europeo \u201cRivitalizzazione del complesso Ben\u010di\u0107 \u2013 Casa in mattoni ed Edificio T\u201d, per il cui allestimento alla Citt\u00e0 di Fiume sono stati assegnati 68,2 milioni di kune a fondo perduto, mentre il valore\u00a0 complessivo del progetto ammonta a 162,1 milioni di kune. Queste importanti risorse sono state assicurate tramite il Programma operativo \u201cCompetitivit\u00e0 e coesione 2014-2020\u201d. Inoltre, il Ministero dello Sviluppo regionale e dei Fondi UE ha assegnato alla Citt\u00e0 di Fiume l\u2019importo di 10 milioni di kune con i quali cofinanziare la propria partecipazione al progetto, in modo da diminuire l\u2019onere finanziario sostenuto nel progetto.<\/p>\n<p>Il progetto della Casa dell\u2019infanzia \u00e8 stato elaborato dall\u2019architetto fiumano Sa\u0161a Randi\u0107. Il costo per l\u2019allestimento degli interni e l\u2019arredamento del palazzo \u00e8 stato stimato a 8.246.177,27 kune.<\/p>\n<p>La Casa dell\u2019infanzia di Fiume \u00e8 la prima del genere in tutto il territorio nazionale. Una simile esiste a Lubiana (Hi\u017ea otrok in umetnosti). La sua particolarit\u00e0 sta nel modo in cui si lavorer\u00e0 con i bambini e i genitori che vi soggiorneranno e nei temi che verranno affrontati. Realizzazione di film animati nello studio cinematografico, video reportage, creazione musicale nello studio di registrazione, videogiochi sul maxi schermo, creazione di videogiochi, design di prodotti e la loro realizzazione con stampante 3D, teatro di narrazione nell\u2019anfiteatro sul tetto, dolce teatro interattivo per beb\u00e8, creazione di bambole, teatro terapeutico e proiezione di film adatti a bambini con difficolt\u00e0 nello sviluppo, proiezioni giornaliere di film per bambini\u2026 sono solo alcune delle previste attivit\u00e0 per bambini e genitori che offrir\u00e0 la Casa dell\u2019infanzia, che sar\u00e0 aperta tutto il giorno. I contenuti saranno adatti ai bambini da 0 a 12 anni.<\/p>\n<p>L\u2019ingresso della Casa dell\u2019infanzia \u00e8 stato concepito come un ampio soggiorno, che offrir\u00e0 in prospettiva, oltre al guardaroba, ai servizi sanitari e al passaggio verso le scale che portano ai piani superiori, un\u2019unit\u00e0 espositiva e interattiva dove i bambini potranno venire a giocare con i propri genitori senza previo avviso e senza dover iscriversi a uno dei tanti laboratori che avranno luogo.<\/p>\n<p>Met\u00e0 del primo e del secondo piano saranno occupati da una sala multifunzionale\u00a0 con 110 posti a sedere, un grande schermo di proiezione e un piccolo palcoscenico. Al secondo piano, invece, accanto alla sala si trovano spazi adibiti a laboratori, nonch\u00e9 studi cinematografici e musicali. Nella sala multifunzionale verranno proiettati ogni giorno vari film per bambini, live streaming dei tanto popolari game show di youtube, ci saranno spettacoli per bambini e spettacolini creati dagli stessi bambini nei laboratori di burattini e di recitazione.<\/p>\n<p>I vani adibiti ai laboratori sono abbastanza\u00a0 grandi da poter accogliere nei vari processi creativi sia i bambini che i loro genitori, mentre i contenuti che verranno offerti prevedono tra l\u2019altro l\u2019alfabetizzazione dei bambini del XXI secolo nati nel mondo delle tecnologie digitali, un mondo che si sviluppa in modo talmente veloce da rendere la vita una vera sfida.<\/p>\n<p>Al terzo piano della Casa dell\u2019infanzia verr\u00e0 sistemata la \u201cStribor\u201d, ossia la sezione della Biblioteca civica dedicata all\u2019infanzia, che in questo modo potr\u00e0 disporre di una superficie utile doppia rispetto a quella attuale, dando cos\u00ec la possibilit\u00e0 di avviare attivit\u00e0 completamente nuove per i propri piccoli soci. Nell\u2019edificio \u201cT\u201d, invece, ossia nella futura Biblioteca civica, verr\u00e0 formata una sezione per i giovani in modo da dividere in modo adeguato i libri per bambini da quelli per i giovani.<\/p>\n<p>Infine, sul tetto della Casa dell\u2019infanzia, nei vani del piccolo anfiteatro, ci sar\u00e0 un teatro di narrazione dove l\u2019attore racconter\u00e0 delle storie e di tanto in tanto render\u00e0 protagoniste le bambole. I bambini avranno l\u2019opportunit\u00e0 di scegliere da soli i racconti.<\/p>\n<p>Il principio fondamentale su cui si baser\u00e0 l\u2019attivit\u00e0 della Casa dell\u2019infanzia \u00e8 la sinergia e la multidisciplinariet\u00e0: tutti i programmi, i laboratori e le attivit\u00e0 nei quali potranno venir inclusi i bambini verranno attuati congiuntamente da quattro enti culturali cittadini \u2013 l\u2019Art cinema, la Biblioteca civica, il Teatro dei burattini e il Museo d\u2019arte moderna e contemporanea \u2013, nonch\u00e9 da associazioni, organizzazioni indipendenti e da esperti vari che indirizzeranno i bambini nei vari processi creativi.<\/p>\n","protected":false},"excerpt":{"rendered":"<p>La cosiddetta Casa in mattoni del complesso Ben\u010di\u0107, usata per essicare il tabacco, una volta rinnovata ospiter\u00e0 la Casa dell\u2019infanzia, prima di questo tipo in Croazia.<\/p>\n","protected":false},"author":72,"featured_media":34841,"parent":47612,"menu_order":4,"comment_status":"closed","ping_status":"closed","template":"template-page-next.php","meta":{"_acf_changed":false,"footnotes":""},"class_list":["post-47636","page","type-page","status-publish","has-post-thumbnail","hentry"],"acf":[],"yoast_head":"<!-- This site is optimized with the Yoast SEO plugin v26.8 - https:\/\/yoast.com\/product\/yoast-seo-wordpress\/ -->\n<title>La Casa dell\u2019infanzia &#8226; Rijeka 2020<\/title>\n<meta name=\"robots\" content=\"index, follow, max-snippet:-1, max-image-preview:large, max-video-preview:-1\" \/>\n<link rel=\"canonical\" href=\"https:\/\/ri2020.eu\/it\/il-progetto\/riqualificazione-dei-palazzi\/la-casa-dellinfanzia\/\" \/>\n<meta property=\"og:locale\" content=\"it_IT\" \/>\n<meta property=\"og:type\" content=\"article\" \/>\n<meta property=\"og:title\" content=\"La Casa dell\u2019infanzia &#8226; Rijeka 2020\" \/>\n<meta property=\"og:description\" content=\"La cosiddetta Casa in mattoni del complesso Ben\u010di\u0107, usata per essicare il tabacco, una volta rinnovata ospiter\u00e0 la Casa dell\u2019infanzia, prima di questo tipo in Croazia.\" \/>\n<meta property=\"og:url\" content=\"https:\/\/ri2020.eu\/it\/il-progetto\/riqualificazione-dei-palazzi\/la-casa-dellinfanzia\/\" \/>\n<meta property=\"og:site_name\" content=\"Rijeka 2020\" \/>\n<meta property=\"article:publisher\" content=\"https:\/\/www.facebook.com\/rijeka2020\" \/>\n<meta property=\"article:modified_time\" content=\"2020-01-22T22:41:25+00:00\" \/>\n<meta property=\"og:image\" content=\"https:\/\/ri2020.eu\/wp-content\/uploads\/2019\/11\/Dje\u010dja-ku\u0107a-rijeka.hr_.jpg\" \/>\n\t<meta property=\"og:image:width\" content=\"1152\" \/>\n\t<meta property=\"og:image:height\" content=\"768\" \/>\n\t<meta property=\"og:image:type\" content=\"image\/jpeg\" \/>\n<meta name=\"twitter:card\" content=\"summary_large_image\" \/>\n<meta name=\"twitter:site\" content=\"@Rijeka2020\" \/>\n<meta name=\"twitter:label1\" content=\"Est. reading time\" \/>\n\t<meta name=\"twitter:data1\" content=\"4 minutes\" \/>\n<script type=\"application\/ld+json\" class=\"yoast-schema-graph\">{\"@context\":\"https:\/\/schema.org\",\"@graph\":[{\"@type\":\"WebPage\",\"@id\":\"https:\/\/ri2020.eu\/it\/il-progetto\/riqualificazione-dei-palazzi\/la-casa-dellinfanzia\/\",\"url\":\"https:\/\/ri2020.eu\/it\/il-progetto\/riqualificazione-dei-palazzi\/la-casa-dellinfanzia\/\",\"name\":\"La Casa dell\u2019infanzia &#8226; Rijeka 2020\",\"isPartOf\":{\"@id\":\"https:\/\/ri2020.eu\/it\/#website\"},\"primaryImageOfPage\":{\"@id\":\"https:\/\/ri2020.eu\/it\/il-progetto\/riqualificazione-dei-palazzi\/la-casa-dellinfanzia\/#primaryimage\"},\"image\":{\"@id\":\"https:\/\/ri2020.eu\/it\/il-progetto\/riqualificazione-dei-palazzi\/la-casa-dellinfanzia\/#primaryimage\"},\"thumbnailUrl\":\"https:\/\/ri2020.eu\/wp-content\/uploads\/2019\/11\/Dje\u010dja-ku\u0107a-rijeka.hr_.jpg\",\"datePublished\":\"2019-11-10T19:55:18+00:00\",\"dateModified\":\"2020-01-22T22:41:25+00:00\",\"breadcrumb\":{\"@id\":\"https:\/\/ri2020.eu\/it\/il-progetto\/riqualificazione-dei-palazzi\/la-casa-dellinfanzia\/#breadcrumb\"},\"inLanguage\":\"it-IT\",\"potentialAction\":[{\"@type\":\"ReadAction\",\"target\":[\"https:\/\/ri2020.eu\/it\/il-progetto\/riqualificazione-dei-palazzi\/la-casa-dellinfanzia\/\"]}]},{\"@type\":\"ImageObject\",\"inLanguage\":\"it-IT\",\"@id\":\"https:\/\/ri2020.eu\/it\/il-progetto\/riqualificazione-dei-palazzi\/la-casa-dellinfanzia\/#primaryimage\",\"url\":\"https:\/\/ri2020.eu\/wp-content\/uploads\/2019\/11\/Dje\u010dja-ku\u0107a-rijeka.hr_.jpg\",\"contentUrl\":\"https:\/\/ri2020.eu\/wp-content\/uploads\/2019\/11\/Dje\u010dja-ku\u0107a-rijeka.hr_.jpg\",\"width\":1152,\"height\":768},{\"@type\":\"BreadcrumbList\",\"@id\":\"https:\/\/ri2020.eu\/it\/il-progetto\/riqualificazione-dei-palazzi\/la-casa-dellinfanzia\/#breadcrumb\",\"itemListElement\":[{\"@type\":\"ListItem\",\"position\":1,\"name\":\"Home\",\"item\":\"https:\/\/ri2020.eu\/it\/\"},{\"@type\":\"ListItem\",\"position\":2,\"name\":\"Il progetto\",\"item\":\"https:\/\/ri2020.eu\/it\/il-progetto\/\"},{\"@type\":\"ListItem\",\"position\":3,\"name\":\"Riqualificazione dei palazzi\",\"item\":\"https:\/\/ri2020.eu\/it\/il-progetto\/riqualificazione-dei-palazzi\/\"},{\"@type\":\"ListItem\",\"position\":4,\"name\":\"La Casa dell\u2019infanzia\"}]},{\"@type\":\"WebSite\",\"@id\":\"https:\/\/ri2020.eu\/it\/#website\",\"url\":\"https:\/\/ri2020.eu\/it\/\",\"name\":\"Rijeka 2020\",\"description\":\"Europska prijestolnica kulture\",\"publisher\":{\"@id\":\"https:\/\/ri2020.eu\/it\/#organization\"},\"potentialAction\":[{\"@type\":\"SearchAction\",\"target\":{\"@type\":\"EntryPoint\",\"urlTemplate\":\"https:\/\/ri2020.eu\/it\/?s={search_term_string}\"},\"query-input\":{\"@type\":\"PropertyValueSpecification\",\"valueRequired\":true,\"valueName\":\"search_term_string\"}}],\"inLanguage\":\"it-IT\"},{\"@type\":\"Organization\",\"@id\":\"https:\/\/ri2020.eu\/it\/#organization\",\"name\":\"Rijeka 2020 d.o.o.\",\"url\":\"https:\/\/ri2020.eu\/it\/\",\"logo\":{\"@type\":\"ImageObject\",\"inLanguage\":\"it-IT\",\"@id\":\"https:\/\/ri2020.eu\/it\/#\/schema\/logo\/image\/\",\"url\":\"https:\/\/rijeka2020.eu\/wp-content\/uploads\/2018\/07\/Ri2020-logo.png\",\"contentUrl\":\"https:\/\/rijeka2020.eu\/wp-content\/uploads\/2018\/07\/Ri2020-logo.png\",\"width\":407,\"height\":175,\"caption\":\"Rijeka 2020 d.o.o.\"},\"image\":{\"@id\":\"https:\/\/ri2020.eu\/it\/#\/schema\/logo\/image\/\"},\"sameAs\":[\"https:\/\/www.facebook.com\/rijeka2020\",\"https:\/\/x.com\/Rijeka2020\",\"https:\/\/www.instagram.com\/rijeka2020\/\",\"https:\/\/www.youtube.com\/user\/riepk2020\"]}]}<\/script>\n<!-- \/ Yoast SEO plugin. -->","yoast_head_json":{"title":"La Casa dell\u2019infanzia &#8226; Rijeka 2020","robots":{"index":"index","follow":"follow","max-snippet":"max-snippet:-1","max-image-preview":"max-image-preview:large","max-video-preview":"max-video-preview:-1"},"canonical":"https:\/\/ri2020.eu\/it\/il-progetto\/riqualificazione-dei-palazzi\/la-casa-dellinfanzia\/","og_locale":"it_IT","og_type":"article","og_title":"La Casa dell\u2019infanzia &#8226; Rijeka 2020","og_description":"La cosiddetta Casa in mattoni del complesso Ben\u010di\u0107, usata per essicare il tabacco, una volta rinnovata ospiter\u00e0 la Casa dell\u2019infanzia, prima di questo tipo in Croazia.","og_url":"https:\/\/ri2020.eu\/it\/il-progetto\/riqualificazione-dei-palazzi\/la-casa-dellinfanzia\/","og_site_name":"Rijeka 2020","article_publisher":"https:\/\/www.facebook.com\/rijeka2020","article_modified_time":"2020-01-22T22:41:25+00:00","og_image":[{"width":1152,"height":768,"url":"https:\/\/ri2020.eu\/wp-content\/uploads\/2019\/11\/Dje\u010dja-ku\u0107a-rijeka.hr_.jpg","type":"image\/jpeg"}],"twitter_card":"summary_large_image","twitter_site":"@Rijeka2020","twitter_misc":{"Est. reading time":"4 minutes"},"schema":{"@context":"https:\/\/schema.org","@graph":[{"@type":"WebPage","@id":"https:\/\/ri2020.eu\/it\/il-progetto\/riqualificazione-dei-palazzi\/la-casa-dellinfanzia\/","url":"https:\/\/ri2020.eu\/it\/il-progetto\/riqualificazione-dei-palazzi\/la-casa-dellinfanzia\/","name":"La Casa dell\u2019infanzia &#8226; Rijeka 2020","isPartOf":{"@id":"https:\/\/ri2020.eu\/it\/#website"},"primaryImageOfPage":{"@id":"https:\/\/ri2020.eu\/it\/il-progetto\/riqualificazione-dei-palazzi\/la-casa-dellinfanzia\/#primaryimage"},"image":{"@id":"https:\/\/ri2020.eu\/it\/il-progetto\/riqualificazione-dei-palazzi\/la-casa-dellinfanzia\/#primaryimage"},"thumbnailUrl":"https:\/\/ri2020.eu\/wp-content\/uploads\/2019\/11\/Dje\u010dja-ku\u0107a-rijeka.hr_.jpg","datePublished":"2019-11-10T19:55:18+00:00","dateModified":"2020-01-22T22:41:25+00:00","breadcrumb":{"@id":"https:\/\/ri2020.eu\/it\/il-progetto\/riqualificazione-dei-palazzi\/la-casa-dellinfanzia\/#breadcrumb"},"inLanguage":"it-IT","potentialAction":[{"@type":"ReadAction","target":["https:\/\/ri2020.eu\/it\/il-progetto\/riqualificazione-dei-palazzi\/la-casa-dellinfanzia\/"]}]},{"@type":"ImageObject","inLanguage":"it-IT","@id":"https:\/\/ri2020.eu\/it\/il-progetto\/riqualificazione-dei-palazzi\/la-casa-dellinfanzia\/#primaryimage","url":"https:\/\/ri2020.eu\/wp-content\/uploads\/2019\/11\/Dje\u010dja-ku\u0107a-rijeka.hr_.jpg","contentUrl":"https:\/\/ri2020.eu\/wp-content\/uploads\/2019\/11\/Dje\u010dja-ku\u0107a-rijeka.hr_.jpg","width":1152,"height":768},{"@type":"BreadcrumbList","@id":"https:\/\/ri2020.eu\/it\/il-progetto\/riqualificazione-dei-palazzi\/la-casa-dellinfanzia\/#breadcrumb","itemListElement":[{"@type":"ListItem","position":1,"name":"Home","item":"https:\/\/ri2020.eu\/it\/"},{"@type":"ListItem","position":2,"name":"Il progetto","item":"https:\/\/ri2020.eu\/it\/il-progetto\/"},{"@type":"ListItem","position":3,"name":"Riqualificazione dei palazzi","item":"https:\/\/ri2020.eu\/it\/il-progetto\/riqualificazione-dei-palazzi\/"},{"@type":"ListItem","position":4,"name":"La Casa dell\u2019infanzia"}]},{"@type":"WebSite","@id":"https:\/\/ri2020.eu\/it\/#website","url":"https:\/\/ri2020.eu\/it\/","name":"Rijeka 2020","description":"Europska prijestolnica kulture","publisher":{"@id":"https:\/\/ri2020.eu\/it\/#organization"},"potentialAction":[{"@type":"SearchAction","target":{"@type":"EntryPoint","urlTemplate":"https:\/\/ri2020.eu\/it\/?s={search_term_string}"},"query-input":{"@type":"PropertyValueSpecification","valueRequired":true,"valueName":"search_term_string"}}],"inLanguage":"it-IT"},{"@type":"Organization","@id":"https:\/\/ri2020.eu\/it\/#organization","name":"Rijeka 2020 d.o.o.","url":"https:\/\/ri2020.eu\/it\/","logo":{"@type":"ImageObject","inLanguage":"it-IT","@id":"https:\/\/ri2020.eu\/it\/#\/schema\/logo\/image\/","url":"https:\/\/rijeka2020.eu\/wp-content\/uploads\/2018\/07\/Ri2020-logo.png","contentUrl":"https:\/\/rijeka2020.eu\/wp-content\/uploads\/2018\/07\/Ri2020-logo.png","width":407,"height":175,"caption":"Rijeka 2020 d.o.o."},"image":{"@id":"https:\/\/ri2020.eu\/it\/#\/schema\/logo\/image\/"},"sameAs":["https:\/\/www.facebook.com\/rijeka2020","https:\/\/x.com\/Rijeka2020","https:\/\/www.instagram.com\/rijeka2020\/","https:\/\/www.youtube.com\/user\/riepk2020"]}]}},"_links":{"self":[{"href":"https:\/\/ri2020.eu\/it\/wp-json\/wp\/v2\/pages\/47636","targetHints":{"allow":["GET"]}}],"collection":[{"href":"https:\/\/ri2020.eu\/it\/wp-json\/wp\/v2\/pages"}],"about":[{"href":"https:\/\/ri2020.eu\/it\/wp-json\/wp\/v2\/types\/page"}],"author":[{"embeddable":true,"href":"https:\/\/ri2020.eu\/it\/wp-json\/wp\/v2\/users\/72"}],"replies":[{"embeddable":true,"href":"https:\/\/ri2020.eu\/it\/wp-json\/wp\/v2\/comments?post=47636"}],"version-history":[{"count":1,"href":"https:\/\/ri2020.eu\/it\/wp-json\/wp\/v2\/pages\/47636\/revisions"}],"predecessor-version":[{"id":47637,"href":"https:\/\/ri2020.eu\/it\/wp-json\/wp\/v2\/pages\/47636\/revisions\/47637"}],"up":[{"embeddable":true,"href":"https:\/\/ri2020.eu\/it\/wp-json\/wp\/v2\/pages\/47612"}],"wp:featuredmedia":[{"embeddable":true,"href":"https:\/\/ri2020.eu\/it\/wp-json\/wp\/v2\/media\/34841"}],"wp:attachment":[{"href":"https:\/\/ri2020.eu\/it\/wp-json\/wp\/v2\/media?parent=47636"}],"curies":[{"name":"wp","href":"https:\/\/api.w.org\/{rel}","templated":true}]}}