{"id":47631,"date":"2019-11-17T14:39:20","date_gmt":"2019-11-17T13:39:20","guid":{"rendered":"https:\/\/rijeka2020.eu\/il-progetto\/riqualificazione-dei-palazzi\/exportdrvo\/"},"modified":"2020-10-05T10:35:29","modified_gmt":"2020-10-05T08:35:29","slug":"exportdrvo","status":"publish","type":"page","link":"https:\/\/ri2020.eu\/it\/il-progetto\/riqualificazione-dei-palazzi\/exportdrvo\/","title":{"rendered":"Exportdrvo"},"content":{"rendered":"<div>\n<p>I lavori di riqualificazione del capannone dell\u2019Exportdrvo vengono effettuati dall\u2019Autorit\u00e0 portuale di Fiume, in veste di proprietario dell\u2019edificio e partner al progetto Capitale europea della cultura.<\/p>\n<p><img loading=\"lazy\" decoding=\"async\" class=\"alignnone size-full wp-image-60174\" src=\"https:\/\/rijeka2020.eu\/wp-content\/uploads\/2020\/10\/0_FIUME-FANTASTIKA_3.jpg\" alt=\"\" width=\"2048\" height=\"1365\" srcset=\"https:\/\/ri2020.eu\/wp-content\/uploads\/2020\/10\/0_FIUME-FANTASTIKA_3.jpg 2048w, https:\/\/ri2020.eu\/wp-content\/uploads\/2020\/10\/0_FIUME-FANTASTIKA_3-640x427.jpg 640w, https:\/\/ri2020.eu\/wp-content\/uploads\/2020\/10\/0_FIUME-FANTASTIKA_3-1024x683.jpg 1024w, https:\/\/ri2020.eu\/wp-content\/uploads\/2020\/10\/0_FIUME-FANTASTIKA_3-768x512.jpg 768w, https:\/\/ri2020.eu\/wp-content\/uploads\/2020\/10\/0_FIUME-FANTASTIKA_3-1536x1024.jpg 1536w, https:\/\/ri2020.eu\/wp-content\/uploads\/2020\/10\/0_FIUME-FANTASTIKA_3-250x167.jpg 250w, https:\/\/ri2020.eu\/wp-content\/uploads\/2020\/10\/0_FIUME-FANTASTIKA_3-420x280.jpg 420w\" sizes=\"auto, (max-width: 2048px) 100vw, 2048px\" \/><\/p>\n<p>L\u2019ex magazzino, che si estende su una superficie di 5.400 m2, una volta ultimati i lavori diventer\u00e0 una <em>nuova\/vecchia <\/em>location dove i cittadini di Fiume, i numerosi ospiti e coloro che si troveranno di passaggio in citt\u00e0, avranno modo di partecipare a svariate mostre, concerti e festival. Riva Grobnico, ossia lo spazio esterno che si trova tra il capannone e il Canal morto, per un anno intero non avr\u00e0 la funzione odierna di parcheggio, bens\u00ec sar\u00e0 adibito a spazio pubblico a disposizione della cittadinanza.<\/p>\n<p><img loading=\"lazy\" decoding=\"async\" class=\"alignnone size-full wp-image-60167\" src=\"https:\/\/rijeka2020.eu\/wp-content\/uploads\/2020\/10\/FIUME-FANTASTIKA_125.jpg\" alt=\"\" width=\"2048\" height=\"1365\" srcset=\"https:\/\/ri2020.eu\/wp-content\/uploads\/2020\/10\/FIUME-FANTASTIKA_125.jpg 2048w, https:\/\/ri2020.eu\/wp-content\/uploads\/2020\/10\/FIUME-FANTASTIKA_125-640x427.jpg 640w, https:\/\/ri2020.eu\/wp-content\/uploads\/2020\/10\/FIUME-FANTASTIKA_125-1024x683.jpg 1024w, https:\/\/ri2020.eu\/wp-content\/uploads\/2020\/10\/FIUME-FANTASTIKA_125-768x512.jpg 768w, https:\/\/ri2020.eu\/wp-content\/uploads\/2020\/10\/FIUME-FANTASTIKA_125-1536x1024.jpg 1536w, https:\/\/ri2020.eu\/wp-content\/uploads\/2020\/10\/FIUME-FANTASTIKA_125-250x167.jpg 250w, https:\/\/ri2020.eu\/wp-content\/uploads\/2020\/10\/FIUME-FANTASTIKA_125-420x280.jpg 420w\" sizes=\"auto, (max-width: 2048px) 100vw, 2048px\" \/> <img loading=\"lazy\" decoding=\"async\" class=\"alignnone size-full wp-image-60164\" src=\"https:\/\/rijeka2020.eu\/wp-content\/uploads\/2020\/10\/0_FIUME-FANTASTIKA_1.jpg\" alt=\"\" width=\"2048\" height=\"1320\" srcset=\"https:\/\/ri2020.eu\/wp-content\/uploads\/2020\/10\/0_FIUME-FANTASTIKA_1.jpg 2048w, https:\/\/ri2020.eu\/wp-content\/uploads\/2020\/10\/0_FIUME-FANTASTIKA_1-640x413.jpg 640w, https:\/\/ri2020.eu\/wp-content\/uploads\/2020\/10\/0_FIUME-FANTASTIKA_1-1024x660.jpg 1024w, https:\/\/ri2020.eu\/wp-content\/uploads\/2020\/10\/0_FIUME-FANTASTIKA_1-768x495.jpg 768w, https:\/\/ri2020.eu\/wp-content\/uploads\/2020\/10\/0_FIUME-FANTASTIKA_1-1536x990.jpg 1536w, https:\/\/ri2020.eu\/wp-content\/uploads\/2020\/10\/0_FIUME-FANTASTIKA_1-250x161.jpg 250w, https:\/\/ri2020.eu\/wp-content\/uploads\/2020\/10\/0_FIUME-FANTASTIKA_1-420x271.jpg 420w\" sizes=\"auto, (max-width: 2048px) 100vw, 2048px\" \/><\/p>\n<\/div>\n","protected":false},"excerpt":{"rendered":"<p>L\u2019ex magazzino dell\u2019Exportdrvo nel 2020 ospiter\u00e0 numerose mostre, concerti e altri eventi nell\u2019ambito del programma CEC 2020.<\/p>\n","protected":false},"author":72,"featured_media":60161,"parent":47612,"menu_order":7,"comment_status":"closed","ping_status":"closed","template":"template-page-next.php","meta":{"_acf_changed":false,"footnotes":""},"class_list":["post-47631","page","type-page","status-publish","has-post-thumbnail","hentry"],"acf":[],"yoast_head":"<!-- This site is optimized with the Yoast SEO plugin v26.8 - https:\/\/yoast.com\/product\/yoast-seo-wordpress\/ -->\n<title>Exportdrvo &#8226; Rijeka 2020<\/title>\n<meta name=\"robots\" content=\"index, follow, max-snippet:-1, max-image-preview:large, max-video-preview:-1\" \/>\n<link rel=\"canonical\" href=\"https:\/\/ri2020.eu\/it\/il-progetto\/riqualificazione-dei-palazzi\/exportdrvo\/\" \/>\n<meta property=\"og:locale\" content=\"it_IT\" \/>\n<meta property=\"og:type\" content=\"article\" \/>\n<meta property=\"og:title\" content=\"Exportdrvo &#8226; Rijeka 2020\" \/>\n<meta property=\"og:description\" content=\"L\u2019ex magazzino dell\u2019Exportdrvo nel 2020 ospiter\u00e0 numerose mostre, concerti e altri eventi nell\u2019ambito del programma CEC 2020.\" \/>\n<meta property=\"og:url\" content=\"https:\/\/ri2020.eu\/it\/il-progetto\/riqualificazione-dei-palazzi\/exportdrvo\/\" \/>\n<meta property=\"og:site_name\" content=\"Rijeka 2020\" \/>\n<meta property=\"article:publisher\" content=\"https:\/\/www.facebook.com\/rijeka2020\" \/>\n<meta property=\"article:modified_time\" content=\"2020-10-05T08:35:29+00:00\" \/>\n<meta property=\"og:image\" content=\"https:\/\/ri2020.eu\/wp-content\/uploads\/2020\/10\/0_FIUME-FANTASTIKA_2.jpg\" \/>\n\t<meta property=\"og:image:width\" content=\"2048\" \/>\n\t<meta property=\"og:image:height\" content=\"1366\" \/>\n\t<meta property=\"og:image:type\" content=\"image\/jpeg\" \/>\n<meta name=\"twitter:card\" content=\"summary_large_image\" \/>\n<meta name=\"twitter:site\" content=\"@Rijeka2020\" \/>\n<meta name=\"twitter:label1\" content=\"Est. reading time\" \/>\n\t<meta name=\"twitter:data1\" content=\"1 minute\" \/>\n<script type=\"application\/ld+json\" class=\"yoast-schema-graph\">{\"@context\":\"https:\/\/schema.org\",\"@graph\":[{\"@type\":\"WebPage\",\"@id\":\"https:\/\/ri2020.eu\/it\/il-progetto\/riqualificazione-dei-palazzi\/exportdrvo\/\",\"url\":\"https:\/\/ri2020.eu\/it\/il-progetto\/riqualificazione-dei-palazzi\/exportdrvo\/\",\"name\":\"Exportdrvo &#8226; Rijeka 2020\",\"isPartOf\":{\"@id\":\"https:\/\/ri2020.eu\/it\/#website\"},\"primaryImageOfPage\":{\"@id\":\"https:\/\/ri2020.eu\/it\/il-progetto\/riqualificazione-dei-palazzi\/exportdrvo\/#primaryimage\"},\"image\":{\"@id\":\"https:\/\/ri2020.eu\/it\/il-progetto\/riqualificazione-dei-palazzi\/exportdrvo\/#primaryimage\"},\"thumbnailUrl\":\"https:\/\/ri2020.eu\/wp-content\/uploads\/2020\/10\/0_FIUME-FANTASTIKA_2.jpg\",\"datePublished\":\"2019-11-17T13:39:20+00:00\",\"dateModified\":\"2020-10-05T08:35:29+00:00\",\"breadcrumb\":{\"@id\":\"https:\/\/ri2020.eu\/it\/il-progetto\/riqualificazione-dei-palazzi\/exportdrvo\/#breadcrumb\"},\"inLanguage\":\"it-IT\",\"potentialAction\":[{\"@type\":\"ReadAction\",\"target\":[\"https:\/\/ri2020.eu\/it\/il-progetto\/riqualificazione-dei-palazzi\/exportdrvo\/\"]}]},{\"@type\":\"ImageObject\",\"inLanguage\":\"it-IT\",\"@id\":\"https:\/\/ri2020.eu\/it\/il-progetto\/riqualificazione-dei-palazzi\/exportdrvo\/#primaryimage\",\"url\":\"https:\/\/ri2020.eu\/wp-content\/uploads\/2020\/10\/0_FIUME-FANTASTIKA_2.jpg\",\"contentUrl\":\"https:\/\/ri2020.eu\/wp-content\/uploads\/2020\/10\/0_FIUME-FANTASTIKA_2.jpg\",\"width\":2048,\"height\":1366},{\"@type\":\"BreadcrumbList\",\"@id\":\"https:\/\/ri2020.eu\/it\/il-progetto\/riqualificazione-dei-palazzi\/exportdrvo\/#breadcrumb\",\"itemListElement\":[{\"@type\":\"ListItem\",\"position\":1,\"name\":\"Home\",\"item\":\"https:\/\/ri2020.eu\/it\/\"},{\"@type\":\"ListItem\",\"position\":2,\"name\":\"Il progetto\",\"item\":\"https:\/\/ri2020.eu\/it\/il-progetto\/\"},{\"@type\":\"ListItem\",\"position\":3,\"name\":\"Riqualificazione dei palazzi\",\"item\":\"https:\/\/ri2020.eu\/it\/il-progetto\/riqualificazione-dei-palazzi\/\"},{\"@type\":\"ListItem\",\"position\":4,\"name\":\"Exportdrvo\"}]},{\"@type\":\"WebSite\",\"@id\":\"https:\/\/ri2020.eu\/it\/#website\",\"url\":\"https:\/\/ri2020.eu\/it\/\",\"name\":\"Rijeka 2020\",\"description\":\"Europska prijestolnica kulture\",\"publisher\":{\"@id\":\"https:\/\/ri2020.eu\/it\/#organization\"},\"potentialAction\":[{\"@type\":\"SearchAction\",\"target\":{\"@type\":\"EntryPoint\",\"urlTemplate\":\"https:\/\/ri2020.eu\/it\/?s={search_term_string}\"},\"query-input\":{\"@type\":\"PropertyValueSpecification\",\"valueRequired\":true,\"valueName\":\"search_term_string\"}}],\"inLanguage\":\"it-IT\"},{\"@type\":\"Organization\",\"@id\":\"https:\/\/ri2020.eu\/it\/#organization\",\"name\":\"Rijeka 2020 d.o.o.\",\"url\":\"https:\/\/ri2020.eu\/it\/\",\"logo\":{\"@type\":\"ImageObject\",\"inLanguage\":\"it-IT\",\"@id\":\"https:\/\/ri2020.eu\/it\/#\/schema\/logo\/image\/\",\"url\":\"https:\/\/rijeka2020.eu\/wp-content\/uploads\/2018\/07\/Ri2020-logo.png\",\"contentUrl\":\"https:\/\/rijeka2020.eu\/wp-content\/uploads\/2018\/07\/Ri2020-logo.png\",\"width\":407,\"height\":175,\"caption\":\"Rijeka 2020 d.o.o.\"},\"image\":{\"@id\":\"https:\/\/ri2020.eu\/it\/#\/schema\/logo\/image\/\"},\"sameAs\":[\"https:\/\/www.facebook.com\/rijeka2020\",\"https:\/\/x.com\/Rijeka2020\",\"https:\/\/www.instagram.com\/rijeka2020\/\",\"https:\/\/www.youtube.com\/user\/riepk2020\"]}]}<\/script>\n<!-- \/ Yoast SEO plugin. -->","yoast_head_json":{"title":"Exportdrvo &#8226; Rijeka 2020","robots":{"index":"index","follow":"follow","max-snippet":"max-snippet:-1","max-image-preview":"max-image-preview:large","max-video-preview":"max-video-preview:-1"},"canonical":"https:\/\/ri2020.eu\/it\/il-progetto\/riqualificazione-dei-palazzi\/exportdrvo\/","og_locale":"it_IT","og_type":"article","og_title":"Exportdrvo &#8226; Rijeka 2020","og_description":"L\u2019ex magazzino dell\u2019Exportdrvo nel 2020 ospiter\u00e0 numerose mostre, concerti e altri eventi nell\u2019ambito del programma CEC 2020.","og_url":"https:\/\/ri2020.eu\/it\/il-progetto\/riqualificazione-dei-palazzi\/exportdrvo\/","og_site_name":"Rijeka 2020","article_publisher":"https:\/\/www.facebook.com\/rijeka2020","article_modified_time":"2020-10-05T08:35:29+00:00","og_image":[{"width":2048,"height":1366,"url":"https:\/\/ri2020.eu\/wp-content\/uploads\/2020\/10\/0_FIUME-FANTASTIKA_2.jpg","type":"image\/jpeg"}],"twitter_card":"summary_large_image","twitter_site":"@Rijeka2020","twitter_misc":{"Est. reading time":"1 minute"},"schema":{"@context":"https:\/\/schema.org","@graph":[{"@type":"WebPage","@id":"https:\/\/ri2020.eu\/it\/il-progetto\/riqualificazione-dei-palazzi\/exportdrvo\/","url":"https:\/\/ri2020.eu\/it\/il-progetto\/riqualificazione-dei-palazzi\/exportdrvo\/","name":"Exportdrvo &#8226; Rijeka 2020","isPartOf":{"@id":"https:\/\/ri2020.eu\/it\/#website"},"primaryImageOfPage":{"@id":"https:\/\/ri2020.eu\/it\/il-progetto\/riqualificazione-dei-palazzi\/exportdrvo\/#primaryimage"},"image":{"@id":"https:\/\/ri2020.eu\/it\/il-progetto\/riqualificazione-dei-palazzi\/exportdrvo\/#primaryimage"},"thumbnailUrl":"https:\/\/ri2020.eu\/wp-content\/uploads\/2020\/10\/0_FIUME-FANTASTIKA_2.jpg","datePublished":"2019-11-17T13:39:20+00:00","dateModified":"2020-10-05T08:35:29+00:00","breadcrumb":{"@id":"https:\/\/ri2020.eu\/it\/il-progetto\/riqualificazione-dei-palazzi\/exportdrvo\/#breadcrumb"},"inLanguage":"it-IT","potentialAction":[{"@type":"ReadAction","target":["https:\/\/ri2020.eu\/it\/il-progetto\/riqualificazione-dei-palazzi\/exportdrvo\/"]}]},{"@type":"ImageObject","inLanguage":"it-IT","@id":"https:\/\/ri2020.eu\/it\/il-progetto\/riqualificazione-dei-palazzi\/exportdrvo\/#primaryimage","url":"https:\/\/ri2020.eu\/wp-content\/uploads\/2020\/10\/0_FIUME-FANTASTIKA_2.jpg","contentUrl":"https:\/\/ri2020.eu\/wp-content\/uploads\/2020\/10\/0_FIUME-FANTASTIKA_2.jpg","width":2048,"height":1366},{"@type":"BreadcrumbList","@id":"https:\/\/ri2020.eu\/it\/il-progetto\/riqualificazione-dei-palazzi\/exportdrvo\/#breadcrumb","itemListElement":[{"@type":"ListItem","position":1,"name":"Home","item":"https:\/\/ri2020.eu\/it\/"},{"@type":"ListItem","position":2,"name":"Il progetto","item":"https:\/\/ri2020.eu\/it\/il-progetto\/"},{"@type":"ListItem","position":3,"name":"Riqualificazione dei palazzi","item":"https:\/\/ri2020.eu\/it\/il-progetto\/riqualificazione-dei-palazzi\/"},{"@type":"ListItem","position":4,"name":"Exportdrvo"}]},{"@type":"WebSite","@id":"https:\/\/ri2020.eu\/it\/#website","url":"https:\/\/ri2020.eu\/it\/","name":"Rijeka 2020","description":"Europska prijestolnica kulture","publisher":{"@id":"https:\/\/ri2020.eu\/it\/#organization"},"potentialAction":[{"@type":"SearchAction","target":{"@type":"EntryPoint","urlTemplate":"https:\/\/ri2020.eu\/it\/?s={search_term_string}"},"query-input":{"@type":"PropertyValueSpecification","valueRequired":true,"valueName":"search_term_string"}}],"inLanguage":"it-IT"},{"@type":"Organization","@id":"https:\/\/ri2020.eu\/it\/#organization","name":"Rijeka 2020 d.o.o.","url":"https:\/\/ri2020.eu\/it\/","logo":{"@type":"ImageObject","inLanguage":"it-IT","@id":"https:\/\/ri2020.eu\/it\/#\/schema\/logo\/image\/","url":"https:\/\/rijeka2020.eu\/wp-content\/uploads\/2018\/07\/Ri2020-logo.png","contentUrl":"https:\/\/rijeka2020.eu\/wp-content\/uploads\/2018\/07\/Ri2020-logo.png","width":407,"height":175,"caption":"Rijeka 2020 d.o.o."},"image":{"@id":"https:\/\/ri2020.eu\/it\/#\/schema\/logo\/image\/"},"sameAs":["https:\/\/www.facebook.com\/rijeka2020","https:\/\/x.com\/Rijeka2020","https:\/\/www.instagram.com\/rijeka2020\/","https:\/\/www.youtube.com\/user\/riepk2020"]}]}},"_links":{"self":[{"href":"https:\/\/ri2020.eu\/it\/wp-json\/wp\/v2\/pages\/47631","targetHints":{"allow":["GET"]}}],"collection":[{"href":"https:\/\/ri2020.eu\/it\/wp-json\/wp\/v2\/pages"}],"about":[{"href":"https:\/\/ri2020.eu\/it\/wp-json\/wp\/v2\/types\/page"}],"author":[{"embeddable":true,"href":"https:\/\/ri2020.eu\/it\/wp-json\/wp\/v2\/users\/72"}],"replies":[{"embeddable":true,"href":"https:\/\/ri2020.eu\/it\/wp-json\/wp\/v2\/comments?post=47631"}],"version-history":[{"count":3,"href":"https:\/\/ri2020.eu\/it\/wp-json\/wp\/v2\/pages\/47631\/revisions"}],"predecessor-version":[{"id":60178,"href":"https:\/\/ri2020.eu\/it\/wp-json\/wp\/v2\/pages\/47631\/revisions\/60178"}],"up":[{"embeddable":true,"href":"https:\/\/ri2020.eu\/it\/wp-json\/wp\/v2\/pages\/47612"}],"wp:featuredmedia":[{"embeddable":true,"href":"https:\/\/ri2020.eu\/it\/wp-json\/wp\/v2\/media\/60161"}],"wp:attachment":[{"href":"https:\/\/ri2020.eu\/it\/wp-json\/wp\/v2\/media?parent=47631"}],"curies":[{"name":"wp","href":"https:\/\/api.w.org\/{rel}","templated":true}]}}