{"id":47627,"date":"2019-11-10T20:56:46","date_gmt":"2019-11-10T19:56:46","guid":{"rendered":"https:\/\/rijeka2020.eu\/il-progetto\/riqualificazione-dei-palazzi\/knjiznica\/"},"modified":"2020-01-22T23:36:36","modified_gmt":"2020-01-22T22:36:36","slug":"biblioteca","status":"publish","type":"page","link":"https:\/\/ri2020.eu\/it\/il-progetto\/riqualificazione-dei-palazzi\/biblioteca\/","title":{"rendered":"Biblioteca"},"content":{"rendered":"<p>I lavori di ristrutturazione del cosiddetto edificio \u201cT\u201d del complesso Ben\u010di\u0107, nel quale una volta portato a termine l\u2019intervento di riqualificazione traslocher\u00e0 la Biblioteca civica di Fiume,\u00a0 sono stati avviati a settembre 2019 e interessano una superficie lorda di 5.825 metri quadrati. I lavori vengono eseguiti dall\u2019azienda VG5 d.o.o.<\/p>\n<p>Il valore dell\u2019intervento al palazzo della futura Biblioteca civica ammonta a 68,5 milioni di kune, mentre la supervisione dei lavori, che \u00e8 stata affidata all\u2019azienda Zem nadzor di Zagabria, verr\u00e0 a costare 593.571.88 kune.<\/p>\n<p>La Casa dell\u2019infanzia e la Biblioteca civica rientrano nel progetto europeo \u201cRivitalizzazione del complesso Ben\u010di\u0107 \u2013 Casa in mattoni ed Edificio T\u201d, per il cui allestimento alla Citt\u00e0 di Fiume sono stati assegnati 68,2 milioni di kune a fondo perduto, mentre il valore\u00a0 complessivo del progetto ammonta a 162,1 milioni di kune. Queste importanti risorse sono state assicurate tramite il Programma operativo \u201cCompetitivit\u00e0 e coesione 2014-2020\u201d. Inoltre, il Ministero dello Sviluppo regionale e dei Fondi UE ha assegnato alla Citt\u00e0 di Fiume l\u2019importo di 10 milioni di kune con i quali cofinanziare la propria partecipazione al progetto, in modo da diminuire l\u2019onere finanziario sostenuto nel progetto.<\/p>\n<p>Il progetto della Biblioteca civica \u00e8 stato elaborato dall\u2019architetto fiumano Sa\u0161a Randi\u0107. Il costo per l\u2019allestimento degli interni e l\u2019arredamento del palazzo \u00e8 stato stimato a 15 milioni di kune.<\/p>\n<p>L\u2019ingresso principale, previsto sul lato meridionale dell\u2019edificio, porter\u00e0 i visitatori direttamente nel vano in cui verr\u00e0 sistemato il punto informativo dove gli interessati potranno avere tutte le informazioni necessarie sul funzionamento della biblioteca e sul rione della cultura in cui essa si trova.<\/p>\n<p>All\u2019entrata troveremo subito da un lato la sezione giovani e quella dedicata ai film e alla musica, mentre sul lato opposto verr\u00e0 ubicata la sala di lettura. Inoltre, subito all\u2019ingresso ci sar\u00e0 la sezione per persone cieche e ipovedenti, in modo da facilitare loro l\u2019accesso, che sar\u00e0 accessoriata con le necessarie attrezzature audio-visive e bibliotecarie.<\/p>\n<p>Dall\u2019atrio la scalinata sale al primo piano dove verr\u00e0 ubicata la sezione narrativa e le collezioni particolari, mentre al secondo piano troveremo la sezione scientifica e professionale. Al terzo piano, invece, \u00e8 prevista un\u2019aula d\u2019informatica che a seconda delle necessit\u00e0 potr\u00e0 venir utilizzata anche come sala per riunioni, proiezioni e conferenze. Sono previsti pure dei punti in cui gli utenti potranno consultare quella parte della collezione che non potr\u00e0 venire presa in prestito.<\/p>\n<p>I vani saranno attrezzati a misura delle persone disabili.<\/p>\n<p>L\u2019edificio che ospiter\u00e0 la Biblioteca civica \u00e8 composto da uno scantinato, dal pianterreno e tre piani, per una superficie lorda complessiva di 5.825 metri quadrati. Il palazzo ha un grande valore storico e architettonico ed \u00e8 un tipico esempio dell\u2019architettura industriale del XIX secolo. L\u2019intervento di ristrutturazione rispetter\u00e0 appieno le dimensioni originali dell\u2019edificio, le antiche aperture originali, come pure le soluzioni edili, i materiali e le tecniche di costruzione.<\/p>\n","protected":false},"excerpt":{"rendered":"<p>Con la ristrutturazione del palazzo T del complesso Ben\u010di\u0107 la Biblioteca civica otterr\u00e0 finalmente dei vani adeguati e funzionali e diventer\u00e0 un servizio culturale pubblico per tutte le generazioni.<\/p>\n","protected":false},"author":72,"featured_media":34865,"parent":47612,"menu_order":6,"comment_status":"closed","ping_status":"closed","template":"template-page-next.php","meta":{"_acf_changed":false,"footnotes":""},"class_list":["post-47627","page","type-page","status-publish","has-post-thumbnail","hentry"],"acf":[],"yoast_head":"<!-- This site is optimized with the Yoast SEO plugin v26.8 - https:\/\/yoast.com\/product\/yoast-seo-wordpress\/ -->\n<title>Biblioteca &#8226; Rijeka 2020<\/title>\n<meta name=\"robots\" content=\"index, follow, max-snippet:-1, max-image-preview:large, max-video-preview:-1\" \/>\n<link rel=\"canonical\" href=\"https:\/\/ri2020.eu\/it\/il-progetto\/riqualificazione-dei-palazzi\/biblioteca\/\" \/>\n<meta property=\"og:locale\" content=\"it_IT\" \/>\n<meta property=\"og:type\" content=\"article\" \/>\n<meta property=\"og:title\" content=\"Biblioteca &#8226; Rijeka 2020\" \/>\n<meta property=\"og:description\" content=\"Con la ristrutturazione del palazzo T del complesso Ben\u010di\u0107 la Biblioteca civica otterr\u00e0 finalmente dei vani adeguati e funzionali e diventer\u00e0 un servizio culturale pubblico per tutte le generazioni.\" \/>\n<meta property=\"og:url\" content=\"https:\/\/ri2020.eu\/it\/il-progetto\/riqualificazione-dei-palazzi\/biblioteca\/\" \/>\n<meta property=\"og:site_name\" content=\"Rijeka 2020\" \/>\n<meta property=\"article:publisher\" content=\"https:\/\/www.facebook.com\/rijeka2020\" \/>\n<meta property=\"article:modified_time\" content=\"2020-01-22T22:36:36+00:00\" \/>\n<meta property=\"og:image\" content=\"https:\/\/ri2020.eu\/wp-content\/uploads\/2019\/11\/Knji\u017enica-rijeka.hr_.jpg\" \/>\n\t<meta property=\"og:image:width\" content=\"1200\" \/>\n\t<meta property=\"og:image:height\" content=\"800\" \/>\n\t<meta property=\"og:image:type\" content=\"image\/jpeg\" \/>\n<meta name=\"twitter:card\" content=\"summary_large_image\" \/>\n<meta name=\"twitter:site\" content=\"@Rijeka2020\" \/>\n<meta name=\"twitter:label1\" content=\"Est. reading time\" \/>\n\t<meta name=\"twitter:data1\" content=\"2 minutes\" \/>\n<script type=\"application\/ld+json\" class=\"yoast-schema-graph\">{\"@context\":\"https:\/\/schema.org\",\"@graph\":[{\"@type\":\"WebPage\",\"@id\":\"https:\/\/ri2020.eu\/it\/il-progetto\/riqualificazione-dei-palazzi\/biblioteca\/\",\"url\":\"https:\/\/ri2020.eu\/it\/il-progetto\/riqualificazione-dei-palazzi\/biblioteca\/\",\"name\":\"Biblioteca &#8226; Rijeka 2020\",\"isPartOf\":{\"@id\":\"https:\/\/ri2020.eu\/it\/#website\"},\"primaryImageOfPage\":{\"@id\":\"https:\/\/ri2020.eu\/it\/il-progetto\/riqualificazione-dei-palazzi\/biblioteca\/#primaryimage\"},\"image\":{\"@id\":\"https:\/\/ri2020.eu\/it\/il-progetto\/riqualificazione-dei-palazzi\/biblioteca\/#primaryimage\"},\"thumbnailUrl\":\"https:\/\/ri2020.eu\/wp-content\/uploads\/2019\/11\/Knji\u017enica-rijeka.hr_.jpg\",\"datePublished\":\"2019-11-10T19:56:46+00:00\",\"dateModified\":\"2020-01-22T22:36:36+00:00\",\"breadcrumb\":{\"@id\":\"https:\/\/ri2020.eu\/it\/il-progetto\/riqualificazione-dei-palazzi\/biblioteca\/#breadcrumb\"},\"inLanguage\":\"it-IT\",\"potentialAction\":[{\"@type\":\"ReadAction\",\"target\":[\"https:\/\/ri2020.eu\/it\/il-progetto\/riqualificazione-dei-palazzi\/biblioteca\/\"]}]},{\"@type\":\"ImageObject\",\"inLanguage\":\"it-IT\",\"@id\":\"https:\/\/ri2020.eu\/it\/il-progetto\/riqualificazione-dei-palazzi\/biblioteca\/#primaryimage\",\"url\":\"https:\/\/ri2020.eu\/wp-content\/uploads\/2019\/11\/Knji\u017enica-rijeka.hr_.jpg\",\"contentUrl\":\"https:\/\/ri2020.eu\/wp-content\/uploads\/2019\/11\/Knji\u017enica-rijeka.hr_.jpg\",\"width\":1200,\"height\":800},{\"@type\":\"BreadcrumbList\",\"@id\":\"https:\/\/ri2020.eu\/it\/il-progetto\/riqualificazione-dei-palazzi\/biblioteca\/#breadcrumb\",\"itemListElement\":[{\"@type\":\"ListItem\",\"position\":1,\"name\":\"Home\",\"item\":\"https:\/\/ri2020.eu\/it\/\"},{\"@type\":\"ListItem\",\"position\":2,\"name\":\"Il progetto\",\"item\":\"https:\/\/ri2020.eu\/it\/il-progetto\/\"},{\"@type\":\"ListItem\",\"position\":3,\"name\":\"Riqualificazione dei palazzi\",\"item\":\"https:\/\/ri2020.eu\/it\/il-progetto\/riqualificazione-dei-palazzi\/\"},{\"@type\":\"ListItem\",\"position\":4,\"name\":\"Biblioteca\"}]},{\"@type\":\"WebSite\",\"@id\":\"https:\/\/ri2020.eu\/it\/#website\",\"url\":\"https:\/\/ri2020.eu\/it\/\",\"name\":\"Rijeka 2020\",\"description\":\"Europska prijestolnica kulture\",\"publisher\":{\"@id\":\"https:\/\/ri2020.eu\/it\/#organization\"},\"potentialAction\":[{\"@type\":\"SearchAction\",\"target\":{\"@type\":\"EntryPoint\",\"urlTemplate\":\"https:\/\/ri2020.eu\/it\/?s={search_term_string}\"},\"query-input\":{\"@type\":\"PropertyValueSpecification\",\"valueRequired\":true,\"valueName\":\"search_term_string\"}}],\"inLanguage\":\"it-IT\"},{\"@type\":\"Organization\",\"@id\":\"https:\/\/ri2020.eu\/it\/#organization\",\"name\":\"Rijeka 2020 d.o.o.\",\"url\":\"https:\/\/ri2020.eu\/it\/\",\"logo\":{\"@type\":\"ImageObject\",\"inLanguage\":\"it-IT\",\"@id\":\"https:\/\/ri2020.eu\/it\/#\/schema\/logo\/image\/\",\"url\":\"https:\/\/rijeka2020.eu\/wp-content\/uploads\/2018\/07\/Ri2020-logo.png\",\"contentUrl\":\"https:\/\/rijeka2020.eu\/wp-content\/uploads\/2018\/07\/Ri2020-logo.png\",\"width\":407,\"height\":175,\"caption\":\"Rijeka 2020 d.o.o.\"},\"image\":{\"@id\":\"https:\/\/ri2020.eu\/it\/#\/schema\/logo\/image\/\"},\"sameAs\":[\"https:\/\/www.facebook.com\/rijeka2020\",\"https:\/\/x.com\/Rijeka2020\",\"https:\/\/www.instagram.com\/rijeka2020\/\",\"https:\/\/www.youtube.com\/user\/riepk2020\"]}]}<\/script>\n<!-- \/ Yoast SEO plugin. -->","yoast_head_json":{"title":"Biblioteca &#8226; Rijeka 2020","robots":{"index":"index","follow":"follow","max-snippet":"max-snippet:-1","max-image-preview":"max-image-preview:large","max-video-preview":"max-video-preview:-1"},"canonical":"https:\/\/ri2020.eu\/it\/il-progetto\/riqualificazione-dei-palazzi\/biblioteca\/","og_locale":"it_IT","og_type":"article","og_title":"Biblioteca &#8226; Rijeka 2020","og_description":"Con la ristrutturazione del palazzo T del complesso Ben\u010di\u0107 la Biblioteca civica otterr\u00e0 finalmente dei vani adeguati e funzionali e diventer\u00e0 un servizio culturale pubblico per tutte le generazioni.","og_url":"https:\/\/ri2020.eu\/it\/il-progetto\/riqualificazione-dei-palazzi\/biblioteca\/","og_site_name":"Rijeka 2020","article_publisher":"https:\/\/www.facebook.com\/rijeka2020","article_modified_time":"2020-01-22T22:36:36+00:00","og_image":[{"width":1200,"height":800,"url":"https:\/\/ri2020.eu\/wp-content\/uploads\/2019\/11\/Knji\u017enica-rijeka.hr_.jpg","type":"image\/jpeg"}],"twitter_card":"summary_large_image","twitter_site":"@Rijeka2020","twitter_misc":{"Est. reading time":"2 minutes"},"schema":{"@context":"https:\/\/schema.org","@graph":[{"@type":"WebPage","@id":"https:\/\/ri2020.eu\/it\/il-progetto\/riqualificazione-dei-palazzi\/biblioteca\/","url":"https:\/\/ri2020.eu\/it\/il-progetto\/riqualificazione-dei-palazzi\/biblioteca\/","name":"Biblioteca &#8226; Rijeka 2020","isPartOf":{"@id":"https:\/\/ri2020.eu\/it\/#website"},"primaryImageOfPage":{"@id":"https:\/\/ri2020.eu\/it\/il-progetto\/riqualificazione-dei-palazzi\/biblioteca\/#primaryimage"},"image":{"@id":"https:\/\/ri2020.eu\/it\/il-progetto\/riqualificazione-dei-palazzi\/biblioteca\/#primaryimage"},"thumbnailUrl":"https:\/\/ri2020.eu\/wp-content\/uploads\/2019\/11\/Knji\u017enica-rijeka.hr_.jpg","datePublished":"2019-11-10T19:56:46+00:00","dateModified":"2020-01-22T22:36:36+00:00","breadcrumb":{"@id":"https:\/\/ri2020.eu\/it\/il-progetto\/riqualificazione-dei-palazzi\/biblioteca\/#breadcrumb"},"inLanguage":"it-IT","potentialAction":[{"@type":"ReadAction","target":["https:\/\/ri2020.eu\/it\/il-progetto\/riqualificazione-dei-palazzi\/biblioteca\/"]}]},{"@type":"ImageObject","inLanguage":"it-IT","@id":"https:\/\/ri2020.eu\/it\/il-progetto\/riqualificazione-dei-palazzi\/biblioteca\/#primaryimage","url":"https:\/\/ri2020.eu\/wp-content\/uploads\/2019\/11\/Knji\u017enica-rijeka.hr_.jpg","contentUrl":"https:\/\/ri2020.eu\/wp-content\/uploads\/2019\/11\/Knji\u017enica-rijeka.hr_.jpg","width":1200,"height":800},{"@type":"BreadcrumbList","@id":"https:\/\/ri2020.eu\/it\/il-progetto\/riqualificazione-dei-palazzi\/biblioteca\/#breadcrumb","itemListElement":[{"@type":"ListItem","position":1,"name":"Home","item":"https:\/\/ri2020.eu\/it\/"},{"@type":"ListItem","position":2,"name":"Il progetto","item":"https:\/\/ri2020.eu\/it\/il-progetto\/"},{"@type":"ListItem","position":3,"name":"Riqualificazione dei palazzi","item":"https:\/\/ri2020.eu\/it\/il-progetto\/riqualificazione-dei-palazzi\/"},{"@type":"ListItem","position":4,"name":"Biblioteca"}]},{"@type":"WebSite","@id":"https:\/\/ri2020.eu\/it\/#website","url":"https:\/\/ri2020.eu\/it\/","name":"Rijeka 2020","description":"Europska prijestolnica kulture","publisher":{"@id":"https:\/\/ri2020.eu\/it\/#organization"},"potentialAction":[{"@type":"SearchAction","target":{"@type":"EntryPoint","urlTemplate":"https:\/\/ri2020.eu\/it\/?s={search_term_string}"},"query-input":{"@type":"PropertyValueSpecification","valueRequired":true,"valueName":"search_term_string"}}],"inLanguage":"it-IT"},{"@type":"Organization","@id":"https:\/\/ri2020.eu\/it\/#organization","name":"Rijeka 2020 d.o.o.","url":"https:\/\/ri2020.eu\/it\/","logo":{"@type":"ImageObject","inLanguage":"it-IT","@id":"https:\/\/ri2020.eu\/it\/#\/schema\/logo\/image\/","url":"https:\/\/rijeka2020.eu\/wp-content\/uploads\/2018\/07\/Ri2020-logo.png","contentUrl":"https:\/\/rijeka2020.eu\/wp-content\/uploads\/2018\/07\/Ri2020-logo.png","width":407,"height":175,"caption":"Rijeka 2020 d.o.o."},"image":{"@id":"https:\/\/ri2020.eu\/it\/#\/schema\/logo\/image\/"},"sameAs":["https:\/\/www.facebook.com\/rijeka2020","https:\/\/x.com\/Rijeka2020","https:\/\/www.instagram.com\/rijeka2020\/","https:\/\/www.youtube.com\/user\/riepk2020"]}]}},"_links":{"self":[{"href":"https:\/\/ri2020.eu\/it\/wp-json\/wp\/v2\/pages\/47627","targetHints":{"allow":["GET"]}}],"collection":[{"href":"https:\/\/ri2020.eu\/it\/wp-json\/wp\/v2\/pages"}],"about":[{"href":"https:\/\/ri2020.eu\/it\/wp-json\/wp\/v2\/types\/page"}],"author":[{"embeddable":true,"href":"https:\/\/ri2020.eu\/it\/wp-json\/wp\/v2\/users\/72"}],"replies":[{"embeddable":true,"href":"https:\/\/ri2020.eu\/it\/wp-json\/wp\/v2\/comments?post=47627"}],"version-history":[{"count":2,"href":"https:\/\/ri2020.eu\/it\/wp-json\/wp\/v2\/pages\/47627\/revisions"}],"predecessor-version":[{"id":47630,"href":"https:\/\/ri2020.eu\/it\/wp-json\/wp\/v2\/pages\/47627\/revisions\/47630"}],"up":[{"embeddable":true,"href":"https:\/\/ri2020.eu\/it\/wp-json\/wp\/v2\/pages\/47612"}],"wp:featuredmedia":[{"embeddable":true,"href":"https:\/\/ri2020.eu\/it\/wp-json\/wp\/v2\/media\/34865"}],"wp:attachment":[{"href":"https:\/\/ri2020.eu\/it\/wp-json\/wp\/v2\/media?parent=47627"}],"curies":[{"name":"wp","href":"https:\/\/api.w.org\/{rel}","templated":true}]}}