{"id":47622,"date":"2019-11-10T20:52:50","date_gmt":"2019-11-10T19:52:50","guid":{"rendered":"https:\/\/rijeka2020.eu\/il-progetto\/riqualificazione-dei-palazzi\/mmsu\/"},"modified":"2020-01-22T23:32:27","modified_gmt":"2020-01-22T22:32:27","slug":"mmsu","status":"publish","type":"page","link":"https:\/\/ri2020.eu\/it\/il-progetto\/riqualificazione-dei-palazzi\/mmsu\/","title":{"rendered":"MMSU"},"content":{"rendered":"<p>I lavori di riqualificazione del cosiddetto edificio \u201cH\u201d del complesso dell\u2019ex fabbrica Rikard Ben\u010di\u0107, palazzo nel quale nel 2017 \u00e8 stato trasferito il Museo d&#8217;arte moderna e contemporanea, sono stati finanziati dalla Citt\u00e0 di Fiume. Il valore dell&#8217;intervento ammonta a 9,2 milioni di kune.<\/p>\n<p>Il progetto \u00e8 dell&#8217;architetto Dinko Pera\u010di\u0107.<\/p>\n<p>Il Museo entrer\u00e0 nella sua piena funzionalit\u00e0 quando sar\u00e0 ultimata la seconda fase dei lavori per l&#8217;allargamento dell&#8217;istituzione. Per il momento sono in corso le trattative con l&#8217;azienda fiumana PIK per portare a termine le ultime questioni giuridico-patrimoniali.<\/p>\n<p><img loading=\"lazy\" decoding=\"async\" class=\"alignnone size-full wp-image-35063\" src=\"https:\/\/rijeka2020.eu\/wp-content\/uploads\/2019\/11\/MMSU-Izlo\u017eba-Tomislav-Gotovac-rijeka.hr_.jpg\" alt=\"\" width=\"1152\" height=\"768\" srcset=\"https:\/\/ri2020.eu\/wp-content\/uploads\/2019\/11\/MMSU-Izlo\u017eba-Tomislav-Gotovac-rijeka.hr_.jpg 1152w, https:\/\/ri2020.eu\/wp-content\/uploads\/2019\/11\/MMSU-Izlo\u017eba-Tomislav-Gotovac-rijeka.hr_-640x427.jpg 640w, https:\/\/ri2020.eu\/wp-content\/uploads\/2019\/11\/MMSU-Izlo\u017eba-Tomislav-Gotovac-rijeka.hr_-1024x683.jpg 1024w, https:\/\/ri2020.eu\/wp-content\/uploads\/2019\/11\/MMSU-Izlo\u017eba-Tomislav-Gotovac-rijeka.hr_-768x512.jpg 768w, https:\/\/ri2020.eu\/wp-content\/uploads\/2019\/11\/MMSU-Izlo\u017eba-Tomislav-Gotovac-rijeka.hr_-250x167.jpg 250w, https:\/\/ri2020.eu\/wp-content\/uploads\/2019\/11\/MMSU-Izlo\u017eba-Tomislav-Gotovac-rijeka.hr_-420x280.jpg 420w\" sizes=\"auto, (max-width: 1152px) 100vw, 1152px\" \/><\/p>\n<p>Il Museo d\u2019Arte moderna e contemporanea si \u00e8 insediato nel 2017 su una superficie riqualificata e attrezzata\u00a0 che si estende su 1.550 metri al pianterreno, nell\u2019ala occidentale del primo piano e nella sala grande del primo piano.<\/p>\n<p>Per il progetto del nuovo Museo d\u2019Arte moderna e contemporanea di Fiume (MMSU), Dinko Pera\u010di\u0107 ha ottenuto nel 2018 il premio \u201cBernardo Bernardi\u201d, che viene assegnato ogni anno dall\u2019Associazione degli architetti croati (UHA).<\/p>\n<p><img loading=\"lazy\" decoding=\"async\" class=\"alignnone size-full wp-image-35066\" src=\"https:\/\/rijeka2020.eu\/wp-content\/uploads\/2019\/11\/mmsu-rijeka.hr-2.jpg\" alt=\"\" width=\"1200\" height=\"799\" srcset=\"https:\/\/ri2020.eu\/wp-content\/uploads\/2019\/11\/mmsu-rijeka.hr-2.jpg 1200w, https:\/\/ri2020.eu\/wp-content\/uploads\/2019\/11\/mmsu-rijeka.hr-2-640x426.jpg 640w, https:\/\/ri2020.eu\/wp-content\/uploads\/2019\/11\/mmsu-rijeka.hr-2-1024x682.jpg 1024w, https:\/\/ri2020.eu\/wp-content\/uploads\/2019\/11\/mmsu-rijeka.hr-2-768x511.jpg 768w, https:\/\/ri2020.eu\/wp-content\/uploads\/2019\/11\/mmsu-rijeka.hr-2-250x166.jpg 250w, https:\/\/ri2020.eu\/wp-content\/uploads\/2019\/11\/mmsu-rijeka.hr-2-420x280.jpg 420w\" sizes=\"auto, (max-width: 1200px) 100vw, 1200px\" \/><\/p>\n<p>In occasione dell\u2019inaugurazione ufficiale della nuova sede del Museo \u00e8 stata organizzata una dinamica mostra retrospettiva dell\u2019artista contemporaneo croato Tomislav Gotovac, scomparso nel 2010.<\/p>\n<p><img loading=\"lazy\" decoding=\"async\" class=\"alignnone size-full wp-image-35069\" src=\"https:\/\/rijeka2020.eu\/wp-content\/uploads\/2019\/11\/mmsu-rijeka.hr-1.jpg\" alt=\"\" width=\"1200\" height=\"799\" srcset=\"https:\/\/ri2020.eu\/wp-content\/uploads\/2019\/11\/mmsu-rijeka.hr-1.jpg 1200w, https:\/\/ri2020.eu\/wp-content\/uploads\/2019\/11\/mmsu-rijeka.hr-1-640x426.jpg 640w, https:\/\/ri2020.eu\/wp-content\/uploads\/2019\/11\/mmsu-rijeka.hr-1-1024x682.jpg 1024w, https:\/\/ri2020.eu\/wp-content\/uploads\/2019\/11\/mmsu-rijeka.hr-1-768x511.jpg 768w, https:\/\/ri2020.eu\/wp-content\/uploads\/2019\/11\/mmsu-rijeka.hr-1-250x166.jpg 250w, https:\/\/ri2020.eu\/wp-content\/uploads\/2019\/11\/mmsu-rijeka.hr-1-420x280.jpg 420w\" sizes=\"auto, (max-width: 1200px) 100vw, 1200px\" \/><\/p>\n","protected":false},"excerpt":{"rendered":"<p>Il Museo d\u2019arte moderna e contemporanea (MMSU) dal 2017 \u00e8 ubicato nel rione artistico Ben\u010di\u0107.<\/p>\n","protected":false},"author":72,"featured_media":35058,"parent":47612,"menu_order":0,"comment_status":"closed","ping_status":"closed","template":"template-page-next.php","meta":{"_acf_changed":false,"footnotes":""},"class_list":["post-47622","page","type-page","status-publish","has-post-thumbnail","hentry"],"acf":[],"yoast_head":"<!-- This site is optimized with the Yoast SEO plugin v26.8 - https:\/\/yoast.com\/product\/yoast-seo-wordpress\/ -->\n<title>MMSU &#8226; Rijeka 2020<\/title>\n<meta name=\"robots\" content=\"index, follow, max-snippet:-1, max-image-preview:large, max-video-preview:-1\" \/>\n<link rel=\"canonical\" href=\"https:\/\/ri2020.eu\/it\/il-progetto\/riqualificazione-dei-palazzi\/mmsu\/\" \/>\n<meta property=\"og:locale\" content=\"it_IT\" \/>\n<meta property=\"og:type\" content=\"article\" \/>\n<meta property=\"og:title\" content=\"MMSU &#8226; Rijeka 2020\" \/>\n<meta property=\"og:description\" content=\"Il Museo d\u2019arte moderna e contemporanea (MMSU) dal 2017 \u00e8 ubicato nel rione artistico Ben\u010di\u0107.\" \/>\n<meta property=\"og:url\" content=\"https:\/\/ri2020.eu\/it\/il-progetto\/riqualificazione-dei-palazzi\/mmsu\/\" \/>\n<meta property=\"og:site_name\" content=\"Rijeka 2020\" \/>\n<meta property=\"article:publisher\" content=\"https:\/\/www.facebook.com\/rijeka2020\" \/>\n<meta property=\"article:modified_time\" content=\"2020-01-22T22:32:27+00:00\" \/>\n<meta property=\"og:image\" content=\"https:\/\/ri2020.eu\/wp-content\/uploads\/2019\/11\/MMSU-rijeka.hr_.jpg\" \/>\n\t<meta property=\"og:image:width\" content=\"1200\" \/>\n\t<meta property=\"og:image:height\" content=\"799\" \/>\n\t<meta property=\"og:image:type\" content=\"image\/jpeg\" \/>\n<meta name=\"twitter:card\" content=\"summary_large_image\" \/>\n<meta name=\"twitter:site\" content=\"@Rijeka2020\" \/>\n<meta name=\"twitter:label1\" content=\"Est. reading time\" \/>\n\t<meta name=\"twitter:data1\" content=\"1 minute\" \/>\n<script type=\"application\/ld+json\" class=\"yoast-schema-graph\">{\"@context\":\"https:\/\/schema.org\",\"@graph\":[{\"@type\":\"WebPage\",\"@id\":\"https:\/\/ri2020.eu\/it\/il-progetto\/riqualificazione-dei-palazzi\/mmsu\/\",\"url\":\"https:\/\/ri2020.eu\/it\/il-progetto\/riqualificazione-dei-palazzi\/mmsu\/\",\"name\":\"MMSU &#8226; Rijeka 2020\",\"isPartOf\":{\"@id\":\"https:\/\/ri2020.eu\/it\/#website\"},\"primaryImageOfPage\":{\"@id\":\"https:\/\/ri2020.eu\/it\/il-progetto\/riqualificazione-dei-palazzi\/mmsu\/#primaryimage\"},\"image\":{\"@id\":\"https:\/\/ri2020.eu\/it\/il-progetto\/riqualificazione-dei-palazzi\/mmsu\/#primaryimage\"},\"thumbnailUrl\":\"https:\/\/ri2020.eu\/wp-content\/uploads\/2019\/11\/MMSU-rijeka.hr_.jpg\",\"datePublished\":\"2019-11-10T19:52:50+00:00\",\"dateModified\":\"2020-01-22T22:32:27+00:00\",\"breadcrumb\":{\"@id\":\"https:\/\/ri2020.eu\/it\/il-progetto\/riqualificazione-dei-palazzi\/mmsu\/#breadcrumb\"},\"inLanguage\":\"it-IT\",\"potentialAction\":[{\"@type\":\"ReadAction\",\"target\":[\"https:\/\/ri2020.eu\/it\/il-progetto\/riqualificazione-dei-palazzi\/mmsu\/\"]}]},{\"@type\":\"ImageObject\",\"inLanguage\":\"it-IT\",\"@id\":\"https:\/\/ri2020.eu\/it\/il-progetto\/riqualificazione-dei-palazzi\/mmsu\/#primaryimage\",\"url\":\"https:\/\/ri2020.eu\/wp-content\/uploads\/2019\/11\/MMSU-rijeka.hr_.jpg\",\"contentUrl\":\"https:\/\/ri2020.eu\/wp-content\/uploads\/2019\/11\/MMSU-rijeka.hr_.jpg\",\"width\":1200,\"height\":799,\"caption\":\"MMSU\"},{\"@type\":\"BreadcrumbList\",\"@id\":\"https:\/\/ri2020.eu\/it\/il-progetto\/riqualificazione-dei-palazzi\/mmsu\/#breadcrumb\",\"itemListElement\":[{\"@type\":\"ListItem\",\"position\":1,\"name\":\"Home\",\"item\":\"https:\/\/ri2020.eu\/it\/\"},{\"@type\":\"ListItem\",\"position\":2,\"name\":\"Il progetto\",\"item\":\"https:\/\/ri2020.eu\/it\/il-progetto\/\"},{\"@type\":\"ListItem\",\"position\":3,\"name\":\"Riqualificazione dei palazzi\",\"item\":\"https:\/\/ri2020.eu\/it\/il-progetto\/riqualificazione-dei-palazzi\/\"},{\"@type\":\"ListItem\",\"position\":4,\"name\":\"MMSU\"}]},{\"@type\":\"WebSite\",\"@id\":\"https:\/\/ri2020.eu\/it\/#website\",\"url\":\"https:\/\/ri2020.eu\/it\/\",\"name\":\"Rijeka 2020\",\"description\":\"Europska prijestolnica kulture\",\"publisher\":{\"@id\":\"https:\/\/ri2020.eu\/it\/#organization\"},\"potentialAction\":[{\"@type\":\"SearchAction\",\"target\":{\"@type\":\"EntryPoint\",\"urlTemplate\":\"https:\/\/ri2020.eu\/it\/?s={search_term_string}\"},\"query-input\":{\"@type\":\"PropertyValueSpecification\",\"valueRequired\":true,\"valueName\":\"search_term_string\"}}],\"inLanguage\":\"it-IT\"},{\"@type\":\"Organization\",\"@id\":\"https:\/\/ri2020.eu\/it\/#organization\",\"name\":\"Rijeka 2020 d.o.o.\",\"url\":\"https:\/\/ri2020.eu\/it\/\",\"logo\":{\"@type\":\"ImageObject\",\"inLanguage\":\"it-IT\",\"@id\":\"https:\/\/ri2020.eu\/it\/#\/schema\/logo\/image\/\",\"url\":\"https:\/\/rijeka2020.eu\/wp-content\/uploads\/2018\/07\/Ri2020-logo.png\",\"contentUrl\":\"https:\/\/rijeka2020.eu\/wp-content\/uploads\/2018\/07\/Ri2020-logo.png\",\"width\":407,\"height\":175,\"caption\":\"Rijeka 2020 d.o.o.\"},\"image\":{\"@id\":\"https:\/\/ri2020.eu\/it\/#\/schema\/logo\/image\/\"},\"sameAs\":[\"https:\/\/www.facebook.com\/rijeka2020\",\"https:\/\/x.com\/Rijeka2020\",\"https:\/\/www.instagram.com\/rijeka2020\/\",\"https:\/\/www.youtube.com\/user\/riepk2020\"]}]}<\/script>\n<!-- \/ Yoast SEO plugin. -->","yoast_head_json":{"title":"MMSU &#8226; Rijeka 2020","robots":{"index":"index","follow":"follow","max-snippet":"max-snippet:-1","max-image-preview":"max-image-preview:large","max-video-preview":"max-video-preview:-1"},"canonical":"https:\/\/ri2020.eu\/it\/il-progetto\/riqualificazione-dei-palazzi\/mmsu\/","og_locale":"it_IT","og_type":"article","og_title":"MMSU &#8226; Rijeka 2020","og_description":"Il Museo d\u2019arte moderna e contemporanea (MMSU) dal 2017 \u00e8 ubicato nel rione artistico Ben\u010di\u0107.","og_url":"https:\/\/ri2020.eu\/it\/il-progetto\/riqualificazione-dei-palazzi\/mmsu\/","og_site_name":"Rijeka 2020","article_publisher":"https:\/\/www.facebook.com\/rijeka2020","article_modified_time":"2020-01-22T22:32:27+00:00","og_image":[{"width":1200,"height":799,"url":"https:\/\/ri2020.eu\/wp-content\/uploads\/2019\/11\/MMSU-rijeka.hr_.jpg","type":"image\/jpeg"}],"twitter_card":"summary_large_image","twitter_site":"@Rijeka2020","twitter_misc":{"Est. reading time":"1 minute"},"schema":{"@context":"https:\/\/schema.org","@graph":[{"@type":"WebPage","@id":"https:\/\/ri2020.eu\/it\/il-progetto\/riqualificazione-dei-palazzi\/mmsu\/","url":"https:\/\/ri2020.eu\/it\/il-progetto\/riqualificazione-dei-palazzi\/mmsu\/","name":"MMSU &#8226; Rijeka 2020","isPartOf":{"@id":"https:\/\/ri2020.eu\/it\/#website"},"primaryImageOfPage":{"@id":"https:\/\/ri2020.eu\/it\/il-progetto\/riqualificazione-dei-palazzi\/mmsu\/#primaryimage"},"image":{"@id":"https:\/\/ri2020.eu\/it\/il-progetto\/riqualificazione-dei-palazzi\/mmsu\/#primaryimage"},"thumbnailUrl":"https:\/\/ri2020.eu\/wp-content\/uploads\/2019\/11\/MMSU-rijeka.hr_.jpg","datePublished":"2019-11-10T19:52:50+00:00","dateModified":"2020-01-22T22:32:27+00:00","breadcrumb":{"@id":"https:\/\/ri2020.eu\/it\/il-progetto\/riqualificazione-dei-palazzi\/mmsu\/#breadcrumb"},"inLanguage":"it-IT","potentialAction":[{"@type":"ReadAction","target":["https:\/\/ri2020.eu\/it\/il-progetto\/riqualificazione-dei-palazzi\/mmsu\/"]}]},{"@type":"ImageObject","inLanguage":"it-IT","@id":"https:\/\/ri2020.eu\/it\/il-progetto\/riqualificazione-dei-palazzi\/mmsu\/#primaryimage","url":"https:\/\/ri2020.eu\/wp-content\/uploads\/2019\/11\/MMSU-rijeka.hr_.jpg","contentUrl":"https:\/\/ri2020.eu\/wp-content\/uploads\/2019\/11\/MMSU-rijeka.hr_.jpg","width":1200,"height":799,"caption":"MMSU"},{"@type":"BreadcrumbList","@id":"https:\/\/ri2020.eu\/it\/il-progetto\/riqualificazione-dei-palazzi\/mmsu\/#breadcrumb","itemListElement":[{"@type":"ListItem","position":1,"name":"Home","item":"https:\/\/ri2020.eu\/it\/"},{"@type":"ListItem","position":2,"name":"Il progetto","item":"https:\/\/ri2020.eu\/it\/il-progetto\/"},{"@type":"ListItem","position":3,"name":"Riqualificazione dei palazzi","item":"https:\/\/ri2020.eu\/it\/il-progetto\/riqualificazione-dei-palazzi\/"},{"@type":"ListItem","position":4,"name":"MMSU"}]},{"@type":"WebSite","@id":"https:\/\/ri2020.eu\/it\/#website","url":"https:\/\/ri2020.eu\/it\/","name":"Rijeka 2020","description":"Europska prijestolnica kulture","publisher":{"@id":"https:\/\/ri2020.eu\/it\/#organization"},"potentialAction":[{"@type":"SearchAction","target":{"@type":"EntryPoint","urlTemplate":"https:\/\/ri2020.eu\/it\/?s={search_term_string}"},"query-input":{"@type":"PropertyValueSpecification","valueRequired":true,"valueName":"search_term_string"}}],"inLanguage":"it-IT"},{"@type":"Organization","@id":"https:\/\/ri2020.eu\/it\/#organization","name":"Rijeka 2020 d.o.o.","url":"https:\/\/ri2020.eu\/it\/","logo":{"@type":"ImageObject","inLanguage":"it-IT","@id":"https:\/\/ri2020.eu\/it\/#\/schema\/logo\/image\/","url":"https:\/\/rijeka2020.eu\/wp-content\/uploads\/2018\/07\/Ri2020-logo.png","contentUrl":"https:\/\/rijeka2020.eu\/wp-content\/uploads\/2018\/07\/Ri2020-logo.png","width":407,"height":175,"caption":"Rijeka 2020 d.o.o."},"image":{"@id":"https:\/\/ri2020.eu\/it\/#\/schema\/logo\/image\/"},"sameAs":["https:\/\/www.facebook.com\/rijeka2020","https:\/\/x.com\/Rijeka2020","https:\/\/www.instagram.com\/rijeka2020\/","https:\/\/www.youtube.com\/user\/riepk2020"]}]}},"_links":{"self":[{"href":"https:\/\/ri2020.eu\/it\/wp-json\/wp\/v2\/pages\/47622","targetHints":{"allow":["GET"]}}],"collection":[{"href":"https:\/\/ri2020.eu\/it\/wp-json\/wp\/v2\/pages"}],"about":[{"href":"https:\/\/ri2020.eu\/it\/wp-json\/wp\/v2\/types\/page"}],"author":[{"embeddable":true,"href":"https:\/\/ri2020.eu\/it\/wp-json\/wp\/v2\/users\/72"}],"replies":[{"embeddable":true,"href":"https:\/\/ri2020.eu\/it\/wp-json\/wp\/v2\/comments?post=47622"}],"version-history":[{"count":2,"href":"https:\/\/ri2020.eu\/it\/wp-json\/wp\/v2\/pages\/47622\/revisions"}],"predecessor-version":[{"id":47624,"href":"https:\/\/ri2020.eu\/it\/wp-json\/wp\/v2\/pages\/47622\/revisions\/47624"}],"up":[{"embeddable":true,"href":"https:\/\/ri2020.eu\/it\/wp-json\/wp\/v2\/pages\/47612"}],"wp:featuredmedia":[{"embeddable":true,"href":"https:\/\/ri2020.eu\/it\/wp-json\/wp\/v2\/media\/35058"}],"wp:attachment":[{"href":"https:\/\/ri2020.eu\/it\/wp-json\/wp\/v2\/media?parent=47622"}],"curies":[{"name":"wp","href":"https:\/\/api.w.org\/{rel}","templated":true}]}}