{"id":47619,"date":"2019-11-10T20:54:24","date_gmt":"2019-11-10T19:54:24","guid":{"rendered":"https:\/\/rijeka2020.eu\/il-progetto\/riqualificazione-dei-palazzi\/muzej-grada\/"},"modified":"2020-01-22T23:26:54","modified_gmt":"2020-01-22T22:26:54","slug":"museo-civico","status":"publish","type":"page","link":"https:\/\/ri2020.eu\/it\/il-progetto\/riqualificazione-dei-palazzi\/museo-civico\/","title":{"rendered":"Museo civico"},"content":{"rendered":"<p>I lavori di restauro del Palazzo dell\u2019ex Zuccherificio, nel quale traslocher\u00e0 il Museo civico con il suo fondo museale permanente, sono stati avviati nella primavera del 2018 e interessano una superficie complessiva di 4.272 metri quadrati. L\u2019opera viene eseguita dalla ditta slovena GV5 d.o.o.<\/p>\n<p>Il valore dell\u2019intervento al Palazzo dello Zuccherificio ammonta a 48,5 milioni di kune, mentre la supervisione dei lavori, che \u00e8 stata affidata all\u2019azienda IGH d.d. di Zagabria, verr\u00e0 a costare 998 mila kune.<\/p>\n<p>Il Palazzo dello Zuccherificio e la nave Galeb vengono ristrutturati attraverso il progetto UE \u201cValorizzazione turistica dei monumenti rappresentativi del patrimonio industriale fiumano\u201d. Il Fondo europeo di sviluppo regionale, nell\u2019ambito del programma operativo \u201cCompetitivit\u00e0 e coesione\u201d, ha stanziato 68,9 milioni di kune a fondo perduto.<\/p>\n<p>La documentazione progettuale per l\u2019opera di restauro del Palazzo dello Zuccherificio \u00e8 stata realizzata dall\u2019Istituto nazionale di restauro a cura di Irma Hulji\u0107. Il progetto di massima per la nuova mostra permanente del Museo civico di Fiume \u00e8 firmato dalla designer Nikolina Jelavi\u0107 Mitrovi\u0107, vincitrice del Premio Museo europeo dell\u2019anno per il suo lavoro al Museo civico di Vukovar e autrice del pluripremiato allestimento del Museo dell\u2019Alka di Sinj. Il costo dell\u2019allestimento della mostra permanente \u00e8 stato valutato a 5,7 milioni di kune.<\/p>\n<p>Una volta restaurato, il bellissimo palazzo barocco che fu sede amministrativa dell\u2019ex Zuccherificio diventer\u00e0 la sede del Museo civico di Fiume.<\/p>\n<p>Al pianterreno dell\u2019edificio saranno sistemati gli uffici, una libreria con rivendita di souvenir, un bar-pasticceria e contenuti turistici, mentre passando per il primo e secondo piano del palazzo i visitatori avranno modo di apprendere sulla storia e sulla cultura fiumane attraverso i preziosi esposti museali.<\/p>\n<p>Il terzo piano sar\u00e0 riservato al curatore e al personale museale, mentre il sottotetto sar\u00e0 adibito a magazzino e\u00a0 spazi tecnici. \u00c8 prevista la costruzione pure di una scala antincendio che verr\u00e0 sistemata sulla facciata occidentale dell\u2019edificio.<\/p>\n<p>Reperti e fotografie interessanti, nonch\u00e9 oggetti offerti dai cittadini, ci condurranno attraverso 33 stanze disposte su due piani del palazzo, raccontando tantissime storie fiumane. L\u2019aquila imperiale, l\u2019aquila fiumana, il primo siluro al mondo, l\u2019Accademia navale, Fiume come porto d\u2019emigrazione, la storia del Teatro cittadino, i grattacieli fiumani, la cantieristica navale, la musica, il rock fiumano, la storia delle grandi compagnie fiumane, lo Zuccherificio, la Fabbrica tabacchi&#8230; sono soltanto alcuni dei temi che verranno affrontati in maniera esaustiva nell\u2019ambito della mostra permanente nel futuro Museo civico.<\/p>\n<p>Essendo un bene culturale di valore eccezionale per Fiume, il Palazzo dello Zuccherificio ci racconter\u00e0, sotto forma di Museo civico, la citt\u00e0, la sua identit\u00e0 e la ricca storia, creando allo stesso tempo un nuovo e sfarzoso spazio e un importante punto di riferimento per lo sviluppo del turismo urbano e culturale.<\/p>\n<p>Il Palazzo dello Zuccherificio \u00e8 inserito fin dal 1970 nel Registro nazionale dei beni storico-culturali. L\u2019Istituto croato di restauro ha commissionato diverse ricerche estensive sull\u2019edificio principale, ricerche storiche, statiche, di restauro e di conservazione. I risultati ottenuti hanno decretato un rapporto molto ben pensato verso il suo uso futuro.<\/p>\n","protected":false},"excerpt":{"rendered":"<p>Una volta ultimati i lavori di restauro del Palazzo dello Zuccherificio vi si insedier\u00e0 il Museo civico di Fiume, arricchendo cos\u00ec il rione della cultura che sta nascendo nel complesso dell\u2019ex fabbrica Rikard Ben\u010di\u0107.<\/p>\n","protected":false},"author":72,"featured_media":34838,"parent":47612,"menu_order":2,"comment_status":"closed","ping_status":"closed","template":"template-page-next.php","meta":{"_acf_changed":false,"footnotes":""},"class_list":["post-47619","page","type-page","status-publish","has-post-thumbnail","hentry"],"acf":[],"yoast_head":"<!-- This site is optimized with the Yoast SEO plugin v26.8 - https:\/\/yoast.com\/product\/yoast-seo-wordpress\/ -->\n<title>Museo civico &#8226; Rijeka 2020<\/title>\n<meta name=\"robots\" content=\"index, follow, max-snippet:-1, max-image-preview:large, max-video-preview:-1\" \/>\n<link rel=\"canonical\" href=\"https:\/\/ri2020.eu\/it\/il-progetto\/riqualificazione-dei-palazzi\/museo-civico\/\" \/>\n<meta property=\"og:locale\" content=\"it_IT\" \/>\n<meta property=\"og:type\" content=\"article\" \/>\n<meta property=\"og:title\" content=\"Museo civico &#8226; Rijeka 2020\" \/>\n<meta property=\"og:description\" content=\"Una volta ultimati i lavori di restauro del Palazzo dello Zuccherificio vi si insedier\u00e0 il Museo civico di Fiume, arricchendo cos\u00ec il rione della cultura che sta nascendo nel complesso dell\u2019ex fabbrica Rikard Ben\u010di\u0107.\" \/>\n<meta property=\"og:url\" content=\"https:\/\/ri2020.eu\/it\/il-progetto\/riqualificazione-dei-palazzi\/museo-civico\/\" \/>\n<meta property=\"og:site_name\" content=\"Rijeka 2020\" \/>\n<meta property=\"article:publisher\" content=\"https:\/\/www.facebook.com\/rijeka2020\" \/>\n<meta property=\"article:modified_time\" content=\"2020-01-22T22:26:54+00:00\" \/>\n<meta property=\"og:image\" content=\"https:\/\/rijeka2020.eu\/wp-content\/uploads\/2019\/11\/Upravna-zgrada-Pala\u010da-\u0160e\u0107erane-rijeka.hr_.jpg\" \/>\n\t<meta property=\"og:image:width\" content=\"771\" \/>\n\t<meta property=\"og:image:height\" content=\"600\" \/>\n\t<meta property=\"og:image:type\" content=\"image\/jpeg\" \/>\n<meta name=\"twitter:card\" content=\"summary_large_image\" \/>\n<meta name=\"twitter:site\" content=\"@Rijeka2020\" \/>\n<meta name=\"twitter:label1\" content=\"Est. reading time\" \/>\n\t<meta name=\"twitter:data1\" content=\"3 minutes\" \/>\n<script type=\"application\/ld+json\" class=\"yoast-schema-graph\">{\"@context\":\"https:\/\/schema.org\",\"@graph\":[{\"@type\":\"WebPage\",\"@id\":\"https:\/\/ri2020.eu\/it\/il-progetto\/riqualificazione-dei-palazzi\/museo-civico\/\",\"url\":\"https:\/\/ri2020.eu\/it\/il-progetto\/riqualificazione-dei-palazzi\/museo-civico\/\",\"name\":\"Museo civico &#8226; Rijeka 2020\",\"isPartOf\":{\"@id\":\"https:\/\/rijeka2020.eu\/en\/#website\"},\"primaryImageOfPage\":{\"@id\":\"https:\/\/ri2020.eu\/it\/il-progetto\/riqualificazione-dei-palazzi\/museo-civico\/#primaryimage\"},\"image\":{\"@id\":\"https:\/\/ri2020.eu\/it\/il-progetto\/riqualificazione-dei-palazzi\/museo-civico\/#primaryimage\"},\"thumbnailUrl\":\"https:\/\/ri2020.eu\/wp-content\/uploads\/2019\/11\/Upravna-zgrada-Pala\u010da-\u0160e\u0107erane-rijeka.hr_.jpg\",\"datePublished\":\"2019-11-10T19:54:24+00:00\",\"dateModified\":\"2020-01-22T22:26:54+00:00\",\"breadcrumb\":{\"@id\":\"https:\/\/ri2020.eu\/it\/il-progetto\/riqualificazione-dei-palazzi\/museo-civico\/#breadcrumb\"},\"inLanguage\":\"it-IT\",\"potentialAction\":[{\"@type\":\"ReadAction\",\"target\":[\"https:\/\/ri2020.eu\/it\/il-progetto\/riqualificazione-dei-palazzi\/museo-civico\/\"]}]},{\"@type\":\"ImageObject\",\"inLanguage\":\"it-IT\",\"@id\":\"https:\/\/ri2020.eu\/it\/il-progetto\/riqualificazione-dei-palazzi\/museo-civico\/#primaryimage\",\"url\":\"https:\/\/ri2020.eu\/wp-content\/uploads\/2019\/11\/Upravna-zgrada-Pala\u010da-\u0160e\u0107erane-rijeka.hr_.jpg\",\"contentUrl\":\"https:\/\/ri2020.eu\/wp-content\/uploads\/2019\/11\/Upravna-zgrada-Pala\u010da-\u0160e\u0107erane-rijeka.hr_.jpg\",\"width\":771,\"height\":600},{\"@type\":\"BreadcrumbList\",\"@id\":\"https:\/\/ri2020.eu\/it\/il-progetto\/riqualificazione-dei-palazzi\/museo-civico\/#breadcrumb\",\"itemListElement\":[{\"@type\":\"ListItem\",\"position\":1,\"name\":\"Home\",\"item\":\"https:\/\/rijeka2020.eu\/it\/\"},{\"@type\":\"ListItem\",\"position\":2,\"name\":\"Il progetto\",\"item\":\"https:\/\/rijeka2020.eu\/it\/il-progetto\/\"},{\"@type\":\"ListItem\",\"position\":3,\"name\":\"Riqualificazione dei palazzi\",\"item\":\"https:\/\/rijeka2020.eu\/it\/il-progetto\/riqualificazione-dei-palazzi\/\"},{\"@type\":\"ListItem\",\"position\":4,\"name\":\"Museo civico\"}]},{\"@type\":\"WebSite\",\"@id\":\"https:\/\/rijeka2020.eu\/en\/#website\",\"url\":\"https:\/\/rijeka2020.eu\/en\/\",\"name\":\"Rijeka 2020\",\"description\":\"Europska prijestolnica kulture\",\"publisher\":{\"@id\":\"https:\/\/rijeka2020.eu\/en\/#organization\"},\"potentialAction\":[{\"@type\":\"SearchAction\",\"target\":{\"@type\":\"EntryPoint\",\"urlTemplate\":\"https:\/\/rijeka2020.eu\/en\/?s={search_term_string}\"},\"query-input\":{\"@type\":\"PropertyValueSpecification\",\"valueRequired\":true,\"valueName\":\"search_term_string\"}}],\"inLanguage\":\"it-IT\"},{\"@type\":\"Organization\",\"@id\":\"https:\/\/rijeka2020.eu\/en\/#organization\",\"name\":\"Rijeka 2020 d.o.o.\",\"url\":\"https:\/\/rijeka2020.eu\/en\/\",\"logo\":{\"@type\":\"ImageObject\",\"inLanguage\":\"it-IT\",\"@id\":\"https:\/\/rijeka2020.eu\/en\/#\/schema\/logo\/image\/\",\"url\":\"https:\/\/rijeka2020.eu\/wp-content\/uploads\/2018\/07\/Ri2020-logo.png\",\"contentUrl\":\"https:\/\/rijeka2020.eu\/wp-content\/uploads\/2018\/07\/Ri2020-logo.png\",\"width\":407,\"height\":175,\"caption\":\"Rijeka 2020 d.o.o.\"},\"image\":{\"@id\":\"https:\/\/rijeka2020.eu\/en\/#\/schema\/logo\/image\/\"},\"sameAs\":[\"https:\/\/www.facebook.com\/rijeka2020\",\"https:\/\/x.com\/Rijeka2020\",\"https:\/\/www.instagram.com\/rijeka2020\/\",\"https:\/\/www.youtube.com\/user\/riepk2020\"]}]}<\/script>\n<!-- \/ Yoast SEO plugin. -->","yoast_head_json":{"title":"Museo civico &#8226; Rijeka 2020","robots":{"index":"index","follow":"follow","max-snippet":"max-snippet:-1","max-image-preview":"max-image-preview:large","max-video-preview":"max-video-preview:-1"},"canonical":"https:\/\/ri2020.eu\/it\/il-progetto\/riqualificazione-dei-palazzi\/museo-civico\/","og_locale":"it_IT","og_type":"article","og_title":"Museo civico &#8226; Rijeka 2020","og_description":"Una volta ultimati i lavori di restauro del Palazzo dello Zuccherificio vi si insedier\u00e0 il Museo civico di Fiume, arricchendo cos\u00ec il rione della cultura che sta nascendo nel complesso dell\u2019ex fabbrica Rikard Ben\u010di\u0107.","og_url":"https:\/\/ri2020.eu\/it\/il-progetto\/riqualificazione-dei-palazzi\/museo-civico\/","og_site_name":"Rijeka 2020","article_publisher":"https:\/\/www.facebook.com\/rijeka2020","article_modified_time":"2020-01-22T22:26:54+00:00","og_image":[{"width":771,"height":600,"url":"https:\/\/rijeka2020.eu\/wp-content\/uploads\/2019\/11\/Upravna-zgrada-Pala\u010da-\u0160e\u0107erane-rijeka.hr_.jpg","type":"image\/jpeg"}],"twitter_card":"summary_large_image","twitter_site":"@Rijeka2020","twitter_misc":{"Est. reading time":"3 minutes"},"schema":{"@context":"https:\/\/schema.org","@graph":[{"@type":"WebPage","@id":"https:\/\/ri2020.eu\/it\/il-progetto\/riqualificazione-dei-palazzi\/museo-civico\/","url":"https:\/\/ri2020.eu\/it\/il-progetto\/riqualificazione-dei-palazzi\/museo-civico\/","name":"Museo civico &#8226; Rijeka 2020","isPartOf":{"@id":"https:\/\/rijeka2020.eu\/en\/#website"},"primaryImageOfPage":{"@id":"https:\/\/ri2020.eu\/it\/il-progetto\/riqualificazione-dei-palazzi\/museo-civico\/#primaryimage"},"image":{"@id":"https:\/\/ri2020.eu\/it\/il-progetto\/riqualificazione-dei-palazzi\/museo-civico\/#primaryimage"},"thumbnailUrl":"https:\/\/ri2020.eu\/wp-content\/uploads\/2019\/11\/Upravna-zgrada-Pala\u010da-\u0160e\u0107erane-rijeka.hr_.jpg","datePublished":"2019-11-10T19:54:24+00:00","dateModified":"2020-01-22T22:26:54+00:00","breadcrumb":{"@id":"https:\/\/ri2020.eu\/it\/il-progetto\/riqualificazione-dei-palazzi\/museo-civico\/#breadcrumb"},"inLanguage":"it-IT","potentialAction":[{"@type":"ReadAction","target":["https:\/\/ri2020.eu\/it\/il-progetto\/riqualificazione-dei-palazzi\/museo-civico\/"]}]},{"@type":"ImageObject","inLanguage":"it-IT","@id":"https:\/\/ri2020.eu\/it\/il-progetto\/riqualificazione-dei-palazzi\/museo-civico\/#primaryimage","url":"https:\/\/ri2020.eu\/wp-content\/uploads\/2019\/11\/Upravna-zgrada-Pala\u010da-\u0160e\u0107erane-rijeka.hr_.jpg","contentUrl":"https:\/\/ri2020.eu\/wp-content\/uploads\/2019\/11\/Upravna-zgrada-Pala\u010da-\u0160e\u0107erane-rijeka.hr_.jpg","width":771,"height":600},{"@type":"BreadcrumbList","@id":"https:\/\/ri2020.eu\/it\/il-progetto\/riqualificazione-dei-palazzi\/museo-civico\/#breadcrumb","itemListElement":[{"@type":"ListItem","position":1,"name":"Home","item":"https:\/\/rijeka2020.eu\/it\/"},{"@type":"ListItem","position":2,"name":"Il progetto","item":"https:\/\/rijeka2020.eu\/it\/il-progetto\/"},{"@type":"ListItem","position":3,"name":"Riqualificazione dei palazzi","item":"https:\/\/rijeka2020.eu\/it\/il-progetto\/riqualificazione-dei-palazzi\/"},{"@type":"ListItem","position":4,"name":"Museo civico"}]},{"@type":"WebSite","@id":"https:\/\/rijeka2020.eu\/en\/#website","url":"https:\/\/rijeka2020.eu\/en\/","name":"Rijeka 2020","description":"Europska prijestolnica kulture","publisher":{"@id":"https:\/\/rijeka2020.eu\/en\/#organization"},"potentialAction":[{"@type":"SearchAction","target":{"@type":"EntryPoint","urlTemplate":"https:\/\/rijeka2020.eu\/en\/?s={search_term_string}"},"query-input":{"@type":"PropertyValueSpecification","valueRequired":true,"valueName":"search_term_string"}}],"inLanguage":"it-IT"},{"@type":"Organization","@id":"https:\/\/rijeka2020.eu\/en\/#organization","name":"Rijeka 2020 d.o.o.","url":"https:\/\/rijeka2020.eu\/en\/","logo":{"@type":"ImageObject","inLanguage":"it-IT","@id":"https:\/\/rijeka2020.eu\/en\/#\/schema\/logo\/image\/","url":"https:\/\/rijeka2020.eu\/wp-content\/uploads\/2018\/07\/Ri2020-logo.png","contentUrl":"https:\/\/rijeka2020.eu\/wp-content\/uploads\/2018\/07\/Ri2020-logo.png","width":407,"height":175,"caption":"Rijeka 2020 d.o.o."},"image":{"@id":"https:\/\/rijeka2020.eu\/en\/#\/schema\/logo\/image\/"},"sameAs":["https:\/\/www.facebook.com\/rijeka2020","https:\/\/x.com\/Rijeka2020","https:\/\/www.instagram.com\/rijeka2020\/","https:\/\/www.youtube.com\/user\/riepk2020"]}]}},"_links":{"self":[{"href":"https:\/\/ri2020.eu\/it\/wp-json\/wp\/v2\/pages\/47619","targetHints":{"allow":["GET"]}}],"collection":[{"href":"https:\/\/ri2020.eu\/it\/wp-json\/wp\/v2\/pages"}],"about":[{"href":"https:\/\/ri2020.eu\/it\/wp-json\/wp\/v2\/types\/page"}],"author":[{"embeddable":true,"href":"https:\/\/ri2020.eu\/it\/wp-json\/wp\/v2\/users\/72"}],"replies":[{"embeddable":true,"href":"https:\/\/ri2020.eu\/it\/wp-json\/wp\/v2\/comments?post=47619"}],"version-history":[{"count":2,"href":"https:\/\/ri2020.eu\/it\/wp-json\/wp\/v2\/pages\/47619\/revisions"}],"predecessor-version":[{"id":47621,"href":"https:\/\/ri2020.eu\/it\/wp-json\/wp\/v2\/pages\/47619\/revisions\/47621"}],"up":[{"embeddable":true,"href":"https:\/\/ri2020.eu\/it\/wp-json\/wp\/v2\/pages\/47612"}],"wp:featuredmedia":[{"embeddable":true,"href":"https:\/\/ri2020.eu\/it\/wp-json\/wp\/v2\/media\/34838"}],"wp:attachment":[{"href":"https:\/\/ri2020.eu\/it\/wp-json\/wp\/v2\/media?parent=47619"}],"curies":[{"name":"wp","href":"https:\/\/api.w.org\/{rel}","templated":true}]}}