{"id":47598,"date":"2019-11-08T16:39:16","date_gmt":"2019-11-08T15:39:16","guid":{"rendered":"https:\/\/rijeka2020.eu\/o-epk-projektu\/sto-je-epk\/"},"modified":"2020-01-22T22:46:56","modified_gmt":"2020-01-22T21:46:56","slug":"che-cose-la-cec","status":"publish","type":"page","link":"https:\/\/ri2020.eu\/it\/il-progetto\/che-cose-la-cec\/","title":{"rendered":"Che cos\u2019\u00e8 la CEC?"},"content":{"rendered":"<p>La Capitale europea della cultura \u00e8 un progetto culturale e un titolo che a partire dal 1985 viene assegnato dalla Commissione europea a quelle citt\u00e0 che nell\u2019ambito di un concorso pubblico dimostrino di vedere la cultura come un settore importante per il proprio sviluppo e la propria metamorfosi.<\/p>\n<h2>Perch\u00e9 esiste questo progetto?<\/h2>\n<p>L\u2019idea di base di questo progetto \u00e8 quella di collegare i cittadini europei presentando e conoscendo le diversit\u00e0 culturali tra i vari Paesi, che ne rappresentano una ricchezza globale. Anche se durante l\u2019anno di designazione le citt\u00e0 detentrici del titolo hanno sempre avuto l\u2019opportunit\u00e0 di presentare i propri usi e costumi, i siti d\u2019interesse, le tradizioni e gli eventi di cui vanno fiere, col passare del tempo il progetto ha superato questi livelli e oggi prevede uno sviluppo a lungo termine del settore culturale nelle citt\u00e0 portatrici del titolo.<\/p>\n<p>Ci\u00f2 significa che nella fase preparatoria \u00a0degli eventi e delle celebrazioni per l\u2019anno in cui la citt\u00e0 viene insignita del titolo CEC, in parallelo vengono sviluppati pure progetti culturali a lungo termine \u2013 festival, manifestazioni, vengono costruiti edifici adibiti alla cultura, si investe nella preparazione delle persone\u2026. Si investe nella realizzazione di tante cose che rimarranno vive nelle citt\u00e0 anche dopo l\u2019anno di designazione del prestigioso titolo. \u00c8 in questa maniera che la Commissione europea incorpora la cultura nello sviluppo a lungo termine delle citt\u00e0.<\/p>\n<h2>Quali sono i valori legati al progetto Capitale europea della cultura a Fiume nel 2020?<\/h2>\n<ul>\n<li>Questo grande progetto culturale europeo assicura al Paese e alla citt\u00e0 detentrice del titolo Capitale europea della cultura un alto livello di riconoscibilit\u00e0 a livello europeo e mondiale. Il progetto personifica la convinzione e la comprensione che i Paesi europei sono la parte integrante delle diversit\u00e0 europee.<\/li>\n<li>Con l\u2019attuazione di questo progetto a lungo termine l\u2019Europa diventa culturalmente pi\u00f9 forte e i suoi cittadini avranno modo di conoscersi e instaurare un legame.<\/li>\n<li>Gli artisti della Capitale europea della cultura hanno l\u2019opportunit\u00e0 di esibirsi davanti ad un pubblico culturale europeo, come pure realizzare numerose collaborazioni con i colleghi artisti europei e mondiali che parteciperanno al programma artistico-culturale preparato dalla citt\u00e0 che porta il titolo CEC.<\/li>\n<li>Tramite questo progetto non vengono presentate soltanto Fiume e la Regione. Si tratta, infatti, di un progetto a respiro nazionale che assicura un elevato livello di riconoscibilit\u00e0 della Croazia in Europa e nel mondo. I cittadini della Croazia diventano visibili e riconoscibili sulla mappa d\u2019Europa, diventando parte integrante delle diversit\u00e0 culturali europee.<\/li>\n<li>Il progetto Capitale europea della cultura a Fiume \u00e8 molto specifico. Infatti, fin dalla presentazione della candidatura si \u00e8 pensato alla trasformazione fisica della citt\u00e0 e alla futura offerta di contenuti culturali.<\/li>\n<\/ul>\n<h2>Quali benefici avranno Fiume e la Regione litoraneo-montana dal titolo Capitale europea della cultura?<\/h2>\n<ul>\n<li>A Fiume e nella Regione litoraneo-montana questo progetto comporta la costruzione di edifici per la cultura, finanziati con fondi europei, nell\u2019ex complesso industriale della fabbrica Rikard Ben\u010di\u0107, che in questa maniera diventa in maniera permanente il rione culturale della citt\u00e0. In questi edifici, i cittadini avranno modo di assistere a contenuti culturali anche dopo il 2020, mentre nel 2020 avranno modo di vivere in prima persona nella propria citt\u00e0 e in Regione un\u2019esperienza unica dovuta a un programma cultura d\u2019eccellenza.<\/li>\n<li>Nell\u2019ambito del progetto, a Fiume vengono sviluppati anche eventi culturali il cui obiettivo \u00e8 quello di durare anche dopo il 2020, come ad esempio il Festival dell\u2019infanzia Tobogan oppure Porto Etno, il festival che celebra la musica e la gastronomia di tutto il mondo.<\/li>\n<li>Per i cittadini di Fiume e della Regione \u00e8 stata organizzata tutta una serie di appuntamenti formativi nel campo dell\u2019organizzazione di eventi culturali, produzioni culturali e altro ancora, il tutto allo scopo di poter organizzare con successo anche dopo il 2020 a Fiume e nei suoi dintorni festival, concerti, mostre, rappresentazioni all\u2019aperto e cos\u00ec via.<\/li>\n<li>I cittadini di Fiume sono stati inclusi nel progetto e hanno presentato varie idee per migliorare la vita nella citt\u00e0. La realizzazione delle loro idee viene finanziata tramite il progetto Capitale europea della cultura. In questo modo i cittadini hanno assunto un ruolo attivo nella formazione di Fiume. Anche questi progetti avranno un seguito dopo il 2020.<\/li>\n<li>I ristoratori, gli affittacamere e gli operatori turistici locali e regionali potranno realizzare maggiori introiti grazie al maggior numero di ospiti che nel 2020 visiteranno Fiume e la Regione, ma anche negli anni a seguire. Per i bambini, i giovani e gli studenti si tratta di un\u2019opportunit\u00e0 per sviluppare la propria creativit\u00e0, per partecipare a corsi formativi nel campo della cultura e per partecipare attivamente allo sviluppo dell\u2019industria creativa. I soci delle associazioni e organizzazioni culturali partecipano al programma celebrativo 2020 oppure vi assistono e realizzano preziose collaborazioni che influiranno anche in futuro sullo sviluppo della cultura. Gli imprenditori e gli uomini d\u2019affari potranno migliorare la visibilit\u00e0 delle proprie aziende. Partecipando al progetto in qualit\u00e0 di sponsor, potranno presentare la propria attivit\u00e0 ai cittadini della Croazia e di tutta l\u2019Europa.<\/li>\n<\/ul>\n<ul>\n<li>Il team di giovani che opera nell\u2019ambito della societ\u00e0 FIUME 2020 s.r.l., in collaborazione con tutti gli enti culturali fiumani, nonch\u00e9 con numerose associazioni e partner, \u00e8 impegnato nella preparazione e nell\u2019organizzazione del programma per il 2020, anno in cui Fiume si freger\u00e0 del titolo di Capitale europea della cultura. Sar\u00e0 l\u2019anno in cui i riflettori europei saranno puntati su Fiume, che potr\u00e0 offrire ai propri cittadini, ai cittadini della Croazia e d\u2019Europa, ai tantissimi turisti e ospiti tutta una serie di piccoli e grandi, ma sempre attraenti programmi culturali e d\u2019intrattenimento, nei quali ciascuno potr\u00e0 individuare qualche contenuto di proprio gradimento: dall\u2019inaugurazione spettacolare alle rappresentazioni all\u2019aperto, dalle grandi mostre e festival alle conferenze sui temi pi\u00f9 svariati, dai concerti ai film, ma anche interessanti allestimenti delle aree pubbliche in citt\u00e0 e le cerimonie d\u2019inaugurazione dei nuovi edifici dedicati alla cultura.<\/li>\n<\/ul>\n","protected":false},"excerpt":{"rendered":"<p>CEC \u2013 Capitale europea della cultura, \u00e8 un prestigioso titolo e progetto europeo che prevede la riqualificazione degli edifici culturali e un ricco programma artistico-culturale che si protrae per un anno intero.<\/p>\n","protected":false},"author":72,"featured_media":44031,"parent":35927,"menu_order":1,"comment_status":"closed","ping_status":"closed","template":"template-page-next.php","meta":{"_acf_changed":false,"footnotes":""},"class_list":["post-47598","page","type-page","status-publish","has-post-thumbnail","hentry"],"acf":[],"yoast_head":"<!-- This site is optimized with the Yoast SEO plugin v26.8 - https:\/\/yoast.com\/product\/yoast-seo-wordpress\/ -->\n<title>Che cos\u2019\u00e8 la CEC? &#8226; Rijeka 2020<\/title>\n<meta name=\"robots\" content=\"index, follow, max-snippet:-1, max-image-preview:large, max-video-preview:-1\" \/>\n<link rel=\"canonical\" href=\"https:\/\/ri2020.eu\/it\/il-progetto\/che-cose-la-cec\/\" \/>\n<meta property=\"og:locale\" content=\"it_IT\" \/>\n<meta property=\"og:type\" content=\"article\" \/>\n<meta property=\"og:title\" content=\"Che cos\u2019\u00e8 la CEC? &#8226; Rijeka 2020\" \/>\n<meta property=\"og:description\" content=\"CEC \u2013 Capitale europea della cultura, \u00e8 un prestigioso titolo e progetto europeo che prevede la riqualificazione degli edifici culturali e un ricco programma artistico-culturale che si protrae per un anno intero.\" \/>\n<meta property=\"og:url\" content=\"https:\/\/ri2020.eu\/it\/il-progetto\/che-cose-la-cec\/\" \/>\n<meta property=\"og:site_name\" content=\"Rijeka 2020\" \/>\n<meta property=\"article:publisher\" content=\"https:\/\/www.facebook.com\/rijeka2020\" \/>\n<meta property=\"article:modified_time\" content=\"2020-01-22T21:46:56+00:00\" \/>\n<meta property=\"og:image\" content=\"https:\/\/rijeka2020.eu\/wp-content\/uploads\/2019\/12\/Rijeka2-1024x576.jpg\" \/>\n\t<meta property=\"og:image:width\" content=\"1024\" \/>\n\t<meta property=\"og:image:height\" content=\"576\" \/>\n\t<meta property=\"og:image:type\" content=\"image\/jpeg\" \/>\n<meta name=\"twitter:card\" content=\"summary_large_image\" \/>\n<meta name=\"twitter:site\" content=\"@Rijeka2020\" \/>\n<meta name=\"twitter:label1\" content=\"Est. reading time\" \/>\n\t<meta name=\"twitter:data1\" content=\"5 minutes\" \/>\n<script type=\"application\/ld+json\" class=\"yoast-schema-graph\">{\"@context\":\"https:\/\/schema.org\",\"@graph\":[{\"@type\":\"WebPage\",\"@id\":\"https:\/\/ri2020.eu\/it\/il-progetto\/che-cose-la-cec\/\",\"url\":\"https:\/\/ri2020.eu\/it\/il-progetto\/che-cose-la-cec\/\",\"name\":\"Che cos\u2019\u00e8 la CEC? &#8226; Rijeka 2020\",\"isPartOf\":{\"@id\":\"https:\/\/rijeka2020.eu\/en\/#website\"},\"primaryImageOfPage\":{\"@id\":\"https:\/\/ri2020.eu\/it\/il-progetto\/che-cose-la-cec\/#primaryimage\"},\"image\":{\"@id\":\"https:\/\/ri2020.eu\/it\/il-progetto\/che-cose-la-cec\/#primaryimage\"},\"thumbnailUrl\":\"https:\/\/ri2020.eu\/wp-content\/uploads\/2019\/12\/Rijeka2.jpg\",\"datePublished\":\"2019-11-08T15:39:16+00:00\",\"dateModified\":\"2020-01-22T21:46:56+00:00\",\"breadcrumb\":{\"@id\":\"https:\/\/ri2020.eu\/it\/il-progetto\/che-cose-la-cec\/#breadcrumb\"},\"inLanguage\":\"it-IT\",\"potentialAction\":[{\"@type\":\"ReadAction\",\"target\":[\"https:\/\/ri2020.eu\/it\/il-progetto\/che-cose-la-cec\/\"]}]},{\"@type\":\"ImageObject\",\"inLanguage\":\"it-IT\",\"@id\":\"https:\/\/ri2020.eu\/it\/il-progetto\/che-cose-la-cec\/#primaryimage\",\"url\":\"https:\/\/ri2020.eu\/wp-content\/uploads\/2019\/12\/Rijeka2.jpg\",\"contentUrl\":\"https:\/\/ri2020.eu\/wp-content\/uploads\/2019\/12\/Rijeka2.jpg\",\"width\":2048,\"height\":1152},{\"@type\":\"BreadcrumbList\",\"@id\":\"https:\/\/ri2020.eu\/it\/il-progetto\/che-cose-la-cec\/#breadcrumb\",\"itemListElement\":[{\"@type\":\"ListItem\",\"position\":1,\"name\":\"Home\",\"item\":\"https:\/\/rijeka2020.eu\/it\/\"},{\"@type\":\"ListItem\",\"position\":2,\"name\":\"Il progetto\",\"item\":\"https:\/\/rijeka2020.eu\/it\/il-progetto\/\"},{\"@type\":\"ListItem\",\"position\":3,\"name\":\"Che cos\u2019\u00e8 la CEC?\"}]},{\"@type\":\"WebSite\",\"@id\":\"https:\/\/rijeka2020.eu\/en\/#website\",\"url\":\"https:\/\/rijeka2020.eu\/en\/\",\"name\":\"Rijeka 2020\",\"description\":\"Europska prijestolnica kulture\",\"publisher\":{\"@id\":\"https:\/\/rijeka2020.eu\/en\/#organization\"},\"potentialAction\":[{\"@type\":\"SearchAction\",\"target\":{\"@type\":\"EntryPoint\",\"urlTemplate\":\"https:\/\/rijeka2020.eu\/en\/?s={search_term_string}\"},\"query-input\":{\"@type\":\"PropertyValueSpecification\",\"valueRequired\":true,\"valueName\":\"search_term_string\"}}],\"inLanguage\":\"it-IT\"},{\"@type\":\"Organization\",\"@id\":\"https:\/\/rijeka2020.eu\/en\/#organization\",\"name\":\"Rijeka 2020 d.o.o.\",\"url\":\"https:\/\/rijeka2020.eu\/en\/\",\"logo\":{\"@type\":\"ImageObject\",\"inLanguage\":\"it-IT\",\"@id\":\"https:\/\/rijeka2020.eu\/en\/#\/schema\/logo\/image\/\",\"url\":\"https:\/\/rijeka2020.eu\/wp-content\/uploads\/2018\/07\/Ri2020-logo.png\",\"contentUrl\":\"https:\/\/rijeka2020.eu\/wp-content\/uploads\/2018\/07\/Ri2020-logo.png\",\"width\":407,\"height\":175,\"caption\":\"Rijeka 2020 d.o.o.\"},\"image\":{\"@id\":\"https:\/\/rijeka2020.eu\/en\/#\/schema\/logo\/image\/\"},\"sameAs\":[\"https:\/\/www.facebook.com\/rijeka2020\",\"https:\/\/x.com\/Rijeka2020\",\"https:\/\/www.instagram.com\/rijeka2020\/\",\"https:\/\/www.youtube.com\/user\/riepk2020\"]}]}<\/script>\n<!-- \/ Yoast SEO plugin. -->","yoast_head_json":{"title":"Che cos\u2019\u00e8 la CEC? &#8226; Rijeka 2020","robots":{"index":"index","follow":"follow","max-snippet":"max-snippet:-1","max-image-preview":"max-image-preview:large","max-video-preview":"max-video-preview:-1"},"canonical":"https:\/\/ri2020.eu\/it\/il-progetto\/che-cose-la-cec\/","og_locale":"it_IT","og_type":"article","og_title":"Che cos\u2019\u00e8 la CEC? &#8226; Rijeka 2020","og_description":"CEC \u2013 Capitale europea della cultura, \u00e8 un prestigioso titolo e progetto europeo che prevede la riqualificazione degli edifici culturali e un ricco programma artistico-culturale che si protrae per un anno intero.","og_url":"https:\/\/ri2020.eu\/it\/il-progetto\/che-cose-la-cec\/","og_site_name":"Rijeka 2020","article_publisher":"https:\/\/www.facebook.com\/rijeka2020","article_modified_time":"2020-01-22T21:46:56+00:00","og_image":[{"width":1024,"height":576,"url":"https:\/\/rijeka2020.eu\/wp-content\/uploads\/2019\/12\/Rijeka2-1024x576.jpg","type":"image\/jpeg"}],"twitter_card":"summary_large_image","twitter_site":"@Rijeka2020","twitter_misc":{"Est. reading time":"5 minutes"},"schema":{"@context":"https:\/\/schema.org","@graph":[{"@type":"WebPage","@id":"https:\/\/ri2020.eu\/it\/il-progetto\/che-cose-la-cec\/","url":"https:\/\/ri2020.eu\/it\/il-progetto\/che-cose-la-cec\/","name":"Che cos\u2019\u00e8 la CEC? &#8226; Rijeka 2020","isPartOf":{"@id":"https:\/\/rijeka2020.eu\/en\/#website"},"primaryImageOfPage":{"@id":"https:\/\/ri2020.eu\/it\/il-progetto\/che-cose-la-cec\/#primaryimage"},"image":{"@id":"https:\/\/ri2020.eu\/it\/il-progetto\/che-cose-la-cec\/#primaryimage"},"thumbnailUrl":"https:\/\/ri2020.eu\/wp-content\/uploads\/2019\/12\/Rijeka2.jpg","datePublished":"2019-11-08T15:39:16+00:00","dateModified":"2020-01-22T21:46:56+00:00","breadcrumb":{"@id":"https:\/\/ri2020.eu\/it\/il-progetto\/che-cose-la-cec\/#breadcrumb"},"inLanguage":"it-IT","potentialAction":[{"@type":"ReadAction","target":["https:\/\/ri2020.eu\/it\/il-progetto\/che-cose-la-cec\/"]}]},{"@type":"ImageObject","inLanguage":"it-IT","@id":"https:\/\/ri2020.eu\/it\/il-progetto\/che-cose-la-cec\/#primaryimage","url":"https:\/\/ri2020.eu\/wp-content\/uploads\/2019\/12\/Rijeka2.jpg","contentUrl":"https:\/\/ri2020.eu\/wp-content\/uploads\/2019\/12\/Rijeka2.jpg","width":2048,"height":1152},{"@type":"BreadcrumbList","@id":"https:\/\/ri2020.eu\/it\/il-progetto\/che-cose-la-cec\/#breadcrumb","itemListElement":[{"@type":"ListItem","position":1,"name":"Home","item":"https:\/\/rijeka2020.eu\/it\/"},{"@type":"ListItem","position":2,"name":"Il progetto","item":"https:\/\/rijeka2020.eu\/it\/il-progetto\/"},{"@type":"ListItem","position":3,"name":"Che cos\u2019\u00e8 la CEC?"}]},{"@type":"WebSite","@id":"https:\/\/rijeka2020.eu\/en\/#website","url":"https:\/\/rijeka2020.eu\/en\/","name":"Rijeka 2020","description":"Europska prijestolnica kulture","publisher":{"@id":"https:\/\/rijeka2020.eu\/en\/#organization"},"potentialAction":[{"@type":"SearchAction","target":{"@type":"EntryPoint","urlTemplate":"https:\/\/rijeka2020.eu\/en\/?s={search_term_string}"},"query-input":{"@type":"PropertyValueSpecification","valueRequired":true,"valueName":"search_term_string"}}],"inLanguage":"it-IT"},{"@type":"Organization","@id":"https:\/\/rijeka2020.eu\/en\/#organization","name":"Rijeka 2020 d.o.o.","url":"https:\/\/rijeka2020.eu\/en\/","logo":{"@type":"ImageObject","inLanguage":"it-IT","@id":"https:\/\/rijeka2020.eu\/en\/#\/schema\/logo\/image\/","url":"https:\/\/rijeka2020.eu\/wp-content\/uploads\/2018\/07\/Ri2020-logo.png","contentUrl":"https:\/\/rijeka2020.eu\/wp-content\/uploads\/2018\/07\/Ri2020-logo.png","width":407,"height":175,"caption":"Rijeka 2020 d.o.o."},"image":{"@id":"https:\/\/rijeka2020.eu\/en\/#\/schema\/logo\/image\/"},"sameAs":["https:\/\/www.facebook.com\/rijeka2020","https:\/\/x.com\/Rijeka2020","https:\/\/www.instagram.com\/rijeka2020\/","https:\/\/www.youtube.com\/user\/riepk2020"]}]}},"_links":{"self":[{"href":"https:\/\/ri2020.eu\/it\/wp-json\/wp\/v2\/pages\/47598","targetHints":{"allow":["GET"]}}],"collection":[{"href":"https:\/\/ri2020.eu\/it\/wp-json\/wp\/v2\/pages"}],"about":[{"href":"https:\/\/ri2020.eu\/it\/wp-json\/wp\/v2\/types\/page"}],"author":[{"embeddable":true,"href":"https:\/\/ri2020.eu\/it\/wp-json\/wp\/v2\/users\/72"}],"replies":[{"embeddable":true,"href":"https:\/\/ri2020.eu\/it\/wp-json\/wp\/v2\/comments?post=47598"}],"version-history":[{"count":3,"href":"https:\/\/ri2020.eu\/it\/wp-json\/wp\/v2\/pages\/47598\/revisions"}],"predecessor-version":[{"id":47603,"href":"https:\/\/ri2020.eu\/it\/wp-json\/wp\/v2\/pages\/47598\/revisions\/47603"}],"up":[{"embeddable":true,"href":"https:\/\/ri2020.eu\/it\/wp-json\/wp\/v2\/pages\/35927"}],"wp:featuredmedia":[{"embeddable":true,"href":"https:\/\/ri2020.eu\/it\/wp-json\/wp\/v2\/media\/44031"}],"wp:attachment":[{"href":"https:\/\/ri2020.eu\/it\/wp-json\/wp\/v2\/media?parent=47598"}],"curies":[{"name":"wp","href":"https:\/\/api.w.org\/{rel}","templated":true}]}}