{"id":47591,"date":"2019-11-11T09:01:30","date_gmt":"2019-11-11T08:01:30","guid":{"rendered":"https:\/\/rijeka2020.eu\/o-epk-projektu\/nasljede\/"},"modified":"2020-01-22T22:40:35","modified_gmt":"2020-01-22T21:40:35","slug":"eredita-del-progetto","status":"publish","type":"page","link":"https:\/\/ri2020.eu\/it\/il-progetto\/eredita-del-progetto\/","title":{"rendered":"Eredit\u00e0 del progetto"},"content":{"rendered":"<p>Dopo il 2020, Fiume rimarr\u00e0 iscritta in modo indelebile nella Mappa delle Capitali europee della cultura e si affiancher\u00e0 alle tutte quelle citt\u00e0 i cui abitanti si sentono a casa in tutta l\u2019Europa.<\/p>\n<p>Finora, la maggior parte delle Capitali europee della cultura, nell\u2019anno celebrativo e in quelli successivi, hanno registrato un incremento dell\u2019interesse da parte di visitatori e la crescita dell\u2019afflusso di turisti. Ne ha beneficiato quasi tutto il settore dei servizi attivo in tali citt\u00e0.<\/p>\n<p>A Fiume rimarranno edifici e impianti culturali come beni durevoli destinati all\u2019usufrutto dell\u2019offerta culturale da parte dei cittadini fiumani e dei loro ospiti, nonch\u00e9 rivolti all\u2019ulteriore sviluppo dell\u2019offerta turistica in citt\u00e0 e nei suoi dintorni. Parliamo del complesso nell\u2019ex Ben\u010di\u0107 (Casa dell\u2019Infanzia, Museo civico, Biblioteca civica e Museo d\u2019arte moderna e contemporanea), della nave Galeb, dell\u2019edificio Exportdrvo in zona Delta e dello spazio RiHub, rinnovato nel 2018. Inoltre, rimarranno come beni durevoli anche i castelli appartenuti al casato Frankopan, presenti nel territorio della Regione litoraneo-montana, e che sono stati sottoposti a interventi di restauro.<\/p>\n<p>Dopo il 2020, rimarr\u00e0 anche la mostra permanente del Museo civico allestita nel palazzo dell\u2019ex Zuccherificio e il cui percorso espositivo ha come tema la storia di Fiume, la mostra permanente a bordo della nave Galeb, che oltre alle vicende dell\u2019imbarcazione, racconta la figura di Tito, ossia dell\u2019uomo che ponendosi alla guida del movimento dei Paesi Non Allineati \u00e8 riuscito a rendere importante e riconoscibile a livello mondiale uno Stato tutto sommato piccolo, del quale all\u2019epoca faceva parte anche la Croazia. Nell\u2019area del Quarnero rester\u00e0, anche dopo il 2020, le sculture permanenti realizzate da artisti di tutto il mondo, europei e croati, opere che formano un nuovo percorso turistico-culturale e che affrontano temi d\u2019attualit\u00e0 delle localit\u00e0 nelle quali vengono installate. In quella che diventa un\u2019eredit\u00e0 perenne, si possono includere anche i progetti di cambiamento fisico nel territorio di Fiume. Nella Casa dell\u2019Infanzia, proseguono il lavoro di sviluppo della creativit\u00e0 infantile e progetti come Brickzine o Toboga.<\/p>\n<p>Festival, mostre, spettacoli, concerti e molti altri eventi culturali e d\u2019intrattenimento continueranno a essere organizzati e sviluppati oltre il 2020. A tal fine, predisponendo il programma culturale 2020, nell\u2019unit\u00e0 Aula sono state condotte diverse lezioni di carattere formativo-educativo, che hanno consentiti ai cittadini di Fiume e regione di acquisire conoscenze, abilit\u00e0 ed esperienze nell\u2019organizzazione di eventi culturali.<\/p>\n<p>Attraverso il progetto Capitale europea della cultura, l\u2019Universit\u00e0 di Fiume quale partner importante del progetto, lancia nuovi programmi di studio, che influenzeranno fortemente il futuro della cultura di Fiume. Uno di questi programmi \u00e8 DeltaLab, un centro per la transizione urbana, l\u2019architettura e l\u2019urbanistica. Inoltre, come uno dei risultati dell\u2019unit\u00e0 Aula, sta per essere avviato un programma di educazione permanente, International Development of Cultural Projects \u2013 Universit\u00e0 di Fiume in partenariato con lo Scienes Po Bordeaux. Il programma si sta sviluppando e si realizzer\u00e0 nell\u2019estate 2020.<\/p>\n<p>Grazie allo sviluppo della diplomazia culturale, che \u00e8 parte integrante del progetto Capitale europea della cultura, dall\u2019assegnazione del titolo a oggi Fiume ha creato partenariati internazionali strategici, una rete di relazioni che garantiranno il riconoscimento della citt\u00e0 nei circoli culturali e sociali europei e mondiali anche negli anni successivi al 2020. Fiume ospiter\u00e0 numerose conferenze internazionali e illustri esperti nel campo della cultura, dell&#8217;arte e delle industrie creative. Tali eventi porteranno nuove conoscenze e idee in tutta la sfera culturale fiumana, ai giovani e agli studenti, alla comunit\u00e0 accademica e, in fin dei conti, tutti i cittadini di Fiume ne trarranno indirettamente profitto.<\/p>\n<p>I programmi di partecipazione e coinvolgimento dei cittadini nella vita e nello sviluppo della citt\u00e0, come quelli lanciati nell\u2019ambito di RiHub, o come Iniziativa civica, Onda Verde e Consiglio dei cittadini, hanno creato modelli per l\u2019ulteriore sviluppo di una cittadinanza attiva, che rende Fiume una citt\u00e0 dinamica, nella quale gli abitanti si assumono la responsabilit\u00e0 di migliorare la qualit\u00e0 della vita nel proprio ambiente immediato.<\/p>\n<p>Su iniziativa del progetto Capitale europea della cultura, \u00e8 stato lanciato il Business Partner Club, che ha coinvolto gli imprenditori, sensibilizzati e pronti a investire nei progetti culturali. Anche dopo il 2020, quest\u2019iniziativa pu\u00f2 rimanere un modello duraturo d\u2019integrazione finanziaria tra i settori imprenditoriale e culturale.<\/p>\n","protected":false},"excerpt":{"rendered":"<p>Fiume ha aderito al progetto Cec dopo un\u2019attenta riflessione, avviata gi\u00e0 in fase di candidatura, tanto sulla sua trasformazione fisica quanto sul programma artistico-culturale e sul contesto della futura offerta culturale che verr\u00e0 presentata in citt\u00e0 e alle persone che continueranno a sviluppare tale offerta anche dopo il 2020.<\/p>\n","protected":false},"author":72,"featured_media":44042,"parent":35927,"menu_order":5,"comment_status":"closed","ping_status":"closed","template":"template-page-next.php","meta":{"_acf_changed":false,"footnotes":""},"class_list":["post-47591","page","type-page","status-publish","has-post-thumbnail","hentry"],"acf":[],"yoast_head":"<!-- This site is optimized with the Yoast SEO plugin v26.8 - https:\/\/yoast.com\/product\/yoast-seo-wordpress\/ -->\n<title>Eredit\u00e0 del progetto &#8226; Rijeka 2020<\/title>\n<meta name=\"robots\" content=\"index, follow, max-snippet:-1, max-image-preview:large, max-video-preview:-1\" \/>\n<link rel=\"canonical\" href=\"https:\/\/ri2020.eu\/it\/il-progetto\/eredita-del-progetto\/\" \/>\n<meta property=\"og:locale\" content=\"it_IT\" \/>\n<meta property=\"og:type\" content=\"article\" \/>\n<meta property=\"og:title\" content=\"Eredit\u00e0 del progetto &#8226; Rijeka 2020\" \/>\n<meta property=\"og:description\" content=\"Fiume ha aderito al progetto Cec dopo un\u2019attenta riflessione, avviata gi\u00e0 in fase di candidatura, tanto sulla sua trasformazione fisica quanto sul programma artistico-culturale e sul contesto della futura offerta culturale che verr\u00e0 presentata in citt\u00e0 e alle persone che continueranno a sviluppare tale offerta anche dopo il 2020.\" \/>\n<meta property=\"og:url\" content=\"https:\/\/ri2020.eu\/it\/il-progetto\/eredita-del-progetto\/\" \/>\n<meta property=\"og:site_name\" content=\"Rijeka 2020\" \/>\n<meta property=\"article:publisher\" content=\"https:\/\/www.facebook.com\/rijeka2020\" \/>\n<meta property=\"article:modified_time\" content=\"2020-01-22T21:40:35+00:00\" \/>\n<meta property=\"og:image\" content=\"https:\/\/ri2020.eu\/wp-content\/uploads\/2019\/12\/40A2908.jpg\" \/>\n\t<meta property=\"og:image:width\" content=\"2048\" \/>\n\t<meta property=\"og:image:height\" content=\"1365\" \/>\n\t<meta property=\"og:image:type\" content=\"image\/jpeg\" \/>\n<meta name=\"twitter:card\" content=\"summary_large_image\" \/>\n<meta name=\"twitter:site\" content=\"@Rijeka2020\" \/>\n<meta name=\"twitter:label1\" content=\"Est. reading time\" \/>\n\t<meta name=\"twitter:data1\" content=\"4 minutes\" \/>\n<script type=\"application\/ld+json\" class=\"yoast-schema-graph\">{\"@context\":\"https:\/\/schema.org\",\"@graph\":[{\"@type\":\"WebPage\",\"@id\":\"https:\/\/ri2020.eu\/it\/il-progetto\/eredita-del-progetto\/\",\"url\":\"https:\/\/ri2020.eu\/it\/il-progetto\/eredita-del-progetto\/\",\"name\":\"Eredit\u00e0 del progetto &#8226; Rijeka 2020\",\"isPartOf\":{\"@id\":\"https:\/\/ri2020.eu\/it\/#website\"},\"primaryImageOfPage\":{\"@id\":\"https:\/\/ri2020.eu\/it\/il-progetto\/eredita-del-progetto\/#primaryimage\"},\"image\":{\"@id\":\"https:\/\/ri2020.eu\/it\/il-progetto\/eredita-del-progetto\/#primaryimage\"},\"thumbnailUrl\":\"https:\/\/ri2020.eu\/wp-content\/uploads\/2019\/12\/40A2908.jpg\",\"datePublished\":\"2019-11-11T08:01:30+00:00\",\"dateModified\":\"2020-01-22T21:40:35+00:00\",\"breadcrumb\":{\"@id\":\"https:\/\/ri2020.eu\/it\/il-progetto\/eredita-del-progetto\/#breadcrumb\"},\"inLanguage\":\"it-IT\",\"potentialAction\":[{\"@type\":\"ReadAction\",\"target\":[\"https:\/\/ri2020.eu\/it\/il-progetto\/eredita-del-progetto\/\"]}]},{\"@type\":\"ImageObject\",\"inLanguage\":\"it-IT\",\"@id\":\"https:\/\/ri2020.eu\/it\/il-progetto\/eredita-del-progetto\/#primaryimage\",\"url\":\"https:\/\/ri2020.eu\/wp-content\/uploads\/2019\/12\/40A2908.jpg\",\"contentUrl\":\"https:\/\/ri2020.eu\/wp-content\/uploads\/2019\/12\/40A2908.jpg\",\"width\":2048,\"height\":1365},{\"@type\":\"BreadcrumbList\",\"@id\":\"https:\/\/ri2020.eu\/it\/il-progetto\/eredita-del-progetto\/#breadcrumb\",\"itemListElement\":[{\"@type\":\"ListItem\",\"position\":1,\"name\":\"Home\",\"item\":\"https:\/\/ri2020.eu\/it\/\"},{\"@type\":\"ListItem\",\"position\":2,\"name\":\"Il progetto\",\"item\":\"https:\/\/ri2020.eu\/it\/il-progetto\/\"},{\"@type\":\"ListItem\",\"position\":3,\"name\":\"Eredit\u00e0 del progetto\"}]},{\"@type\":\"WebSite\",\"@id\":\"https:\/\/ri2020.eu\/it\/#website\",\"url\":\"https:\/\/ri2020.eu\/it\/\",\"name\":\"Rijeka 2020\",\"description\":\"Europska prijestolnica kulture\",\"publisher\":{\"@id\":\"https:\/\/ri2020.eu\/it\/#organization\"},\"potentialAction\":[{\"@type\":\"SearchAction\",\"target\":{\"@type\":\"EntryPoint\",\"urlTemplate\":\"https:\/\/ri2020.eu\/it\/?s={search_term_string}\"},\"query-input\":{\"@type\":\"PropertyValueSpecification\",\"valueRequired\":true,\"valueName\":\"search_term_string\"}}],\"inLanguage\":\"it-IT\"},{\"@type\":\"Organization\",\"@id\":\"https:\/\/ri2020.eu\/it\/#organization\",\"name\":\"Rijeka 2020 d.o.o.\",\"url\":\"https:\/\/ri2020.eu\/it\/\",\"logo\":{\"@type\":\"ImageObject\",\"inLanguage\":\"it-IT\",\"@id\":\"https:\/\/ri2020.eu\/it\/#\/schema\/logo\/image\/\",\"url\":\"https:\/\/rijeka2020.eu\/wp-content\/uploads\/2018\/07\/Ri2020-logo.png\",\"contentUrl\":\"https:\/\/rijeka2020.eu\/wp-content\/uploads\/2018\/07\/Ri2020-logo.png\",\"width\":407,\"height\":175,\"caption\":\"Rijeka 2020 d.o.o.\"},\"image\":{\"@id\":\"https:\/\/ri2020.eu\/it\/#\/schema\/logo\/image\/\"},\"sameAs\":[\"https:\/\/www.facebook.com\/rijeka2020\",\"https:\/\/x.com\/Rijeka2020\",\"https:\/\/www.instagram.com\/rijeka2020\/\",\"https:\/\/www.youtube.com\/user\/riepk2020\"]}]}<\/script>\n<!-- \/ Yoast SEO plugin. -->","yoast_head_json":{"title":"Eredit\u00e0 del progetto &#8226; Rijeka 2020","robots":{"index":"index","follow":"follow","max-snippet":"max-snippet:-1","max-image-preview":"max-image-preview:large","max-video-preview":"max-video-preview:-1"},"canonical":"https:\/\/ri2020.eu\/it\/il-progetto\/eredita-del-progetto\/","og_locale":"it_IT","og_type":"article","og_title":"Eredit\u00e0 del progetto &#8226; Rijeka 2020","og_description":"Fiume ha aderito al progetto Cec dopo un\u2019attenta riflessione, avviata gi\u00e0 in fase di candidatura, tanto sulla sua trasformazione fisica quanto sul programma artistico-culturale e sul contesto della futura offerta culturale che verr\u00e0 presentata in citt\u00e0 e alle persone che continueranno a sviluppare tale offerta anche dopo il 2020.","og_url":"https:\/\/ri2020.eu\/it\/il-progetto\/eredita-del-progetto\/","og_site_name":"Rijeka 2020","article_publisher":"https:\/\/www.facebook.com\/rijeka2020","article_modified_time":"2020-01-22T21:40:35+00:00","og_image":[{"width":2048,"height":1365,"url":"https:\/\/ri2020.eu\/wp-content\/uploads\/2019\/12\/40A2908.jpg","type":"image\/jpeg"}],"twitter_card":"summary_large_image","twitter_site":"@Rijeka2020","twitter_misc":{"Est. reading time":"4 minutes"},"schema":{"@context":"https:\/\/schema.org","@graph":[{"@type":"WebPage","@id":"https:\/\/ri2020.eu\/it\/il-progetto\/eredita-del-progetto\/","url":"https:\/\/ri2020.eu\/it\/il-progetto\/eredita-del-progetto\/","name":"Eredit\u00e0 del progetto &#8226; Rijeka 2020","isPartOf":{"@id":"https:\/\/ri2020.eu\/it\/#website"},"primaryImageOfPage":{"@id":"https:\/\/ri2020.eu\/it\/il-progetto\/eredita-del-progetto\/#primaryimage"},"image":{"@id":"https:\/\/ri2020.eu\/it\/il-progetto\/eredita-del-progetto\/#primaryimage"},"thumbnailUrl":"https:\/\/ri2020.eu\/wp-content\/uploads\/2019\/12\/40A2908.jpg","datePublished":"2019-11-11T08:01:30+00:00","dateModified":"2020-01-22T21:40:35+00:00","breadcrumb":{"@id":"https:\/\/ri2020.eu\/it\/il-progetto\/eredita-del-progetto\/#breadcrumb"},"inLanguage":"it-IT","potentialAction":[{"@type":"ReadAction","target":["https:\/\/ri2020.eu\/it\/il-progetto\/eredita-del-progetto\/"]}]},{"@type":"ImageObject","inLanguage":"it-IT","@id":"https:\/\/ri2020.eu\/it\/il-progetto\/eredita-del-progetto\/#primaryimage","url":"https:\/\/ri2020.eu\/wp-content\/uploads\/2019\/12\/40A2908.jpg","contentUrl":"https:\/\/ri2020.eu\/wp-content\/uploads\/2019\/12\/40A2908.jpg","width":2048,"height":1365},{"@type":"BreadcrumbList","@id":"https:\/\/ri2020.eu\/it\/il-progetto\/eredita-del-progetto\/#breadcrumb","itemListElement":[{"@type":"ListItem","position":1,"name":"Home","item":"https:\/\/ri2020.eu\/it\/"},{"@type":"ListItem","position":2,"name":"Il progetto","item":"https:\/\/ri2020.eu\/it\/il-progetto\/"},{"@type":"ListItem","position":3,"name":"Eredit\u00e0 del progetto"}]},{"@type":"WebSite","@id":"https:\/\/ri2020.eu\/it\/#website","url":"https:\/\/ri2020.eu\/it\/","name":"Rijeka 2020","description":"Europska prijestolnica kulture","publisher":{"@id":"https:\/\/ri2020.eu\/it\/#organization"},"potentialAction":[{"@type":"SearchAction","target":{"@type":"EntryPoint","urlTemplate":"https:\/\/ri2020.eu\/it\/?s={search_term_string}"},"query-input":{"@type":"PropertyValueSpecification","valueRequired":true,"valueName":"search_term_string"}}],"inLanguage":"it-IT"},{"@type":"Organization","@id":"https:\/\/ri2020.eu\/it\/#organization","name":"Rijeka 2020 d.o.o.","url":"https:\/\/ri2020.eu\/it\/","logo":{"@type":"ImageObject","inLanguage":"it-IT","@id":"https:\/\/ri2020.eu\/it\/#\/schema\/logo\/image\/","url":"https:\/\/rijeka2020.eu\/wp-content\/uploads\/2018\/07\/Ri2020-logo.png","contentUrl":"https:\/\/rijeka2020.eu\/wp-content\/uploads\/2018\/07\/Ri2020-logo.png","width":407,"height":175,"caption":"Rijeka 2020 d.o.o."},"image":{"@id":"https:\/\/ri2020.eu\/it\/#\/schema\/logo\/image\/"},"sameAs":["https:\/\/www.facebook.com\/rijeka2020","https:\/\/x.com\/Rijeka2020","https:\/\/www.instagram.com\/rijeka2020\/","https:\/\/www.youtube.com\/user\/riepk2020"]}]}},"_links":{"self":[{"href":"https:\/\/ri2020.eu\/it\/wp-json\/wp\/v2\/pages\/47591","targetHints":{"allow":["GET"]}}],"collection":[{"href":"https:\/\/ri2020.eu\/it\/wp-json\/wp\/v2\/pages"}],"about":[{"href":"https:\/\/ri2020.eu\/it\/wp-json\/wp\/v2\/types\/page"}],"author":[{"embeddable":true,"href":"https:\/\/ri2020.eu\/it\/wp-json\/wp\/v2\/users\/72"}],"replies":[{"embeddable":true,"href":"https:\/\/ri2020.eu\/it\/wp-json\/wp\/v2\/comments?post=47591"}],"version-history":[{"count":2,"href":"https:\/\/ri2020.eu\/it\/wp-json\/wp\/v2\/pages\/47591\/revisions"}],"predecessor-version":[{"id":47593,"href":"https:\/\/ri2020.eu\/it\/wp-json\/wp\/v2\/pages\/47591\/revisions\/47593"}],"up":[{"embeddable":true,"href":"https:\/\/ri2020.eu\/it\/wp-json\/wp\/v2\/pages\/35927"}],"wp:featuredmedia":[{"embeddable":true,"href":"https:\/\/ri2020.eu\/it\/wp-json\/wp\/v2\/media\/44042"}],"wp:attachment":[{"href":"https:\/\/ri2020.eu\/it\/wp-json\/wp\/v2\/media?parent=47591"}],"curies":[{"name":"wp","href":"https:\/\/api.w.org\/{rel}","templated":true}]}}