{"id":47586,"date":"2019-11-10T20:24:17","date_gmt":"2019-11-10T19:24:17","guid":{"rendered":"https:\/\/rijeka2020.eu\/o-epk-projektu\/progetto-di-affiliazione\/"},"modified":"2020-01-22T22:35:52","modified_gmt":"2020-01-22T21:35:52","slug":"progetto-di-affiliazione","status":"publish","type":"page","link":"https:\/\/ri2020.eu\/it\/il-progetto\/progetto-di-affiliazione\/","title":{"rendered":"Progetto di affiliazione"},"content":{"rendered":"<h2>Citt\u00e0 di Fiume e partner strategici<\/h2>\n<ul>\n<li>La Citt\u00e0 di Fiume \u00e8 il portatore del titolo di Capitale europea della cultura.<\/li>\n<li>I partner strategici della Citt\u00e0 di Fiume nella realizzazione del progetto Capitale europea della cultura sono il Governo della Repubblica di Croazia, la Regione litoraneo-montana, l\u2019Universit\u00e0 di Fiume e l\u2019Ente cittadino per il turismo.<\/li>\n<\/ul>\n<h2>Organizzatori del programma culturale<\/h2>\n<ul>\n<li>Oltre alla societ\u00e0 RIJEKA 2020 S.r.l., i principali partner programmatici e organizzatori del programma sono il Teatro nazionale croato Ivan de Zajc Fiume; il DeltaLab \u2013 Centro per la transizione urbana, l\u2019architettura e l\u2019urbanistica (Universit\u00e0 di Fiume); l\u2019associazione Drugo more (Altro mare), Fiume; il Museo d\u2019arte moderna e contemporanea, Fiume; il Museo civico, Fiume; il Cinema d\u2019Essai (Art-kino), Fiume; il Teatro cittadino dei burattini, Fiume; la Biblioteca civica, Fiume; il Museo di storia e della marineria del Litorale croato, Fiume; e la Casa croata di cultura Su\u0161ak, Fiume. Oltre ai partner principali, l\u2019elenco comprende oltre 250 soggetti con sede in Croazia e all\u2019estero, che figurano quali co-organizzatori, co-produttori e altri partner inclusi nell\u2019organizzazione del programma.<\/li>\n<\/ul>\n<h2>Associazioni e organizzazioni nella cultura<\/h2>\n<ul>\n<li>Partecipando al bando pubblico per la presentazione di programmi culturali aggiuntivi per il 2020, hanno aderito al progetto un vasto numero si associazioni culturali e organizzazioni, che hanno proposto complessivamente 380 contenuti culturali per l\u2019anno prossimo. Di questi, sono stati selezionati in tutto 55 programmi \u2013 candidati da differenti associazioni culturali, organizzazioni artistiche, ditte e singoli \u2013 che saranno finanziati e che avranno il marchio Cec, entrando a far parte integrante del progetto Capitale europea della cultura.<\/li>\n<\/ul>\n<h2>Imprenditori nel Business Club<\/h2>\n<ul>\n<li>Il progetto Capitale europea della cultura ha portato alla costituzione del Business Club PartneRI, che pu\u00f2 avere come soci imprenditori, artigiani, societ\u00e0 commerciali, lavoratori autonomi che operano in tutte le sfere dell\u2019attivit\u00e0 economica e che sono pronti a finanziare gli eventi culturali che si terranno a Fiume e nella regione. Su invito del Business Club PartneRI, al concorso pubblico per il finanziamento dei programmi culturali, hanno aderito diverse organizzazioni e singoli individui, che nel complesso hanno offerto 37 programmi e contenuti culturali. Tra questi, il Business Club PartneRI selezioner\u00e0 e finanzier\u00e0 l\u2019attuazione di 6 programmi.<\/li>\n<\/ul>\n<h2>Relatori e stagisti dei programmi educativi<\/h2>\n<ul>\n<li>Nell\u2019ambito del progetto Capitale europea della cultura, nell\u2019unit\u00e0 tematica intitolata Aula, sono state avviate finora 32 programmi educativi, di cui 15 laboratori, 7 seminari, 1 conferenza internazionale, 3 progetti internazionali, nonch\u00e9 6 programmi di educazione continuativa che si sono articolati in 32 laboratori e 312 ore di lavoro di mentorato. I programmi educativi dell\u2019unit\u00e0 Aula hanno incluso 122 relatori provenienti dalla Croazia e dall\u2019estero, sono stati frequentati da 1455 partecipanti, cittadini di Fiume, della regione litoraneo-montana e del Paese, che hanno acquisito una conoscenza ad ampio spettro, abilit\u00e0 ed esperienze particolari nel campo della gestione culturale, dello sviluppo del pubblico e impiego dello spazio e delle tecnologie nel settore della cultura.<\/li>\n<\/ul>\n<h2>Cittadinanza attiva<\/h2>\n<ul>\n<li>Nell\u2019ambito del progetto Capitale europea della cultura, sono state realizzate due azioni \u201cPartecipa\u201d rivolte ai cittadini di Fiume, che sono stati invitati a proporre progetti minori di assetto delle aree verdi della citt\u00e0, oppure per realizzare piccoli eventi culturali e sociali nei rispettivi quartieri. La chiamata ha incluso anche le notifiche pervenute attraverso il cosiddetto Consiglio dei cittadini, cui \u00e8 stato affidato il compito di valutare la qualit\u00e0 dei progetti proposti e selezionare quelli migliori, da includere nel programma Cec e finanziare attraverso il progetto. Hanno risposto all\u2019invito e partecipato all\u2019azione un vasto numero di singoli individui e gruppi di cittadini, che hanno presentato domanda per un totale di 141 progetti, mentre 155 persone si sono candidati a partecipare al Consiglio dei cittadini.<\/li>\n<li>Nello spazio RiHub si sono svolti 57 diversi eventi pubblici \u2013 tra laboratori, conferenze, dibattiti e presentazione di progetti \u2013 che hanno riguardato il campo dell\u2019ecologia, dell\u2019attivismo civico, dello sviluppo della solidariet\u00e0, ecc. Questi eventi hanno incluso 64 relatori, tutor o pannellisti, mentre hanno partecipato ai programmi 872 cittadini.<\/li>\n<li>Lo spazio Coworking, aperto nell\u2019ambito del progetto Cec presso il centro RiHub, \u00e8 stato finora utilizzato da 215 utenti, che vi hanno trascorso 2.758 ore lavorative. La presenza mensile \u00e8 in media di 35 persone.<\/li>\n<\/ul>\n<h2>Volontari<\/h2>\n<ul>\n<li>Il progetto include anche numerosi volontari, e anche altri possono farlo giacch\u00e9 rimane aperto l\u2019invito a tutti i potenziali interessati, perch\u00e9 l\u2019energia nobile e orgogliosa dei volontari \u00e8 una ruota importante nell\u2019ingranaggio di qualsiasi grande organizzazione. I volontari del progetto hanno entrano in un contatto immediato con i grandi spettacoli, i concerti, le mostre e molti altri eventi che si svolgono a Fiume durante il 2020; incontrano nuove persone, i partecipanti al programma e ospiti di Fiume, hanno l\u2019opportunit\u00e0 di collaborare con produttori e artisti, organizzatori e star, ed essere tra i primi ad aprire la porta di nuove istituzioni culturali a Fiume.<\/li>\n<\/ul>\n<h2>Sponsor<\/h2>\n<ul>\n<li>Inoltre, accanto agli sponsor che hanno gi\u00e0 aderito al progetto, anche altri possono farlo, giacch\u00e9 rimane aperto l\u2019invito a tutti i potenziali patrocinatori e sponsor a includersi, comprese le diverse ditte. La partecipazione \u00e8 anche un\u2019opportunit\u00e0 di promozione e d\u00e0 visibilit\u00e0 pubblica nel corso della realizzazione del programma culturale durante l\u2019anno 2020.<\/li>\n<\/ul>\n","protected":false},"excerpt":{"rendered":"<p>Nell\u2019elenco dei co-organizzatori, dei co-produttori e degli altri partner inclusi nell\u2019organizzazione del programma culturale, ci sono pi\u00f9 di 250 organizzazioni con sede in Croazia o all\u2019estero. A queste si aggiungono numerosi cittadini che hanno aderito al progetto nelle forme pi\u00f9 svariate, come pure i diversi patrocinatori.<\/p>\n","protected":false},"author":72,"featured_media":42065,"parent":35927,"menu_order":4,"comment_status":"closed","ping_status":"closed","template":"template-page-next.php","meta":{"_acf_changed":false,"footnotes":""},"class_list":["post-47586","page","type-page","status-publish","has-post-thumbnail","hentry"],"acf":[],"yoast_head":"<!-- This site is optimized with the Yoast SEO plugin v26.8 - https:\/\/yoast.com\/product\/yoast-seo-wordpress\/ -->\n<title>Progetto di affiliazione &#8226; Rijeka 2020<\/title>\n<meta name=\"robots\" content=\"index, follow, max-snippet:-1, max-image-preview:large, max-video-preview:-1\" \/>\n<link rel=\"canonical\" href=\"https:\/\/ri2020.eu\/it\/il-progetto\/progetto-di-affiliazione\/\" \/>\n<meta property=\"og:locale\" content=\"it_IT\" \/>\n<meta property=\"og:type\" content=\"article\" \/>\n<meta property=\"og:title\" content=\"Progetto di affiliazione &#8226; Rijeka 2020\" \/>\n<meta property=\"og:description\" content=\"Nell\u2019elenco dei co-organizzatori, dei co-produttori e degli altri partner inclusi nell\u2019organizzazione del programma culturale, ci sono pi\u00f9 di 250 organizzazioni con sede in Croazia o all\u2019estero. A queste si aggiungono numerosi cittadini che hanno aderito al progetto nelle forme pi\u00f9 svariate, come pure i diversi patrocinatori.\" \/>\n<meta property=\"og:url\" content=\"https:\/\/ri2020.eu\/it\/il-progetto\/progetto-di-affiliazione\/\" \/>\n<meta property=\"og:site_name\" content=\"Rijeka 2020\" \/>\n<meta property=\"article:publisher\" content=\"https:\/\/www.facebook.com\/rijeka2020\" \/>\n<meta property=\"article:modified_time\" content=\"2020-01-22T21:35:52+00:00\" \/>\n<meta property=\"og:image\" content=\"https:\/\/ri2020.eu\/wp-content\/uploads\/2019\/01\/Osobna-i-dru\u0161tvena-transformacija-za-ja\u010danje-zajednice.jpg\" \/>\n\t<meta property=\"og:image:width\" content=\"960\" \/>\n\t<meta property=\"og:image:height\" content=\"777\" \/>\n\t<meta property=\"og:image:type\" content=\"image\/jpeg\" \/>\n<meta name=\"twitter:card\" content=\"summary_large_image\" \/>\n<meta name=\"twitter:site\" content=\"@Rijeka2020\" \/>\n<meta name=\"twitter:label1\" content=\"Est. reading time\" \/>\n\t<meta name=\"twitter:data1\" content=\"4 minutes\" \/>\n<script type=\"application\/ld+json\" class=\"yoast-schema-graph\">{\"@context\":\"https:\/\/schema.org\",\"@graph\":[{\"@type\":\"WebPage\",\"@id\":\"https:\/\/ri2020.eu\/it\/il-progetto\/progetto-di-affiliazione\/\",\"url\":\"https:\/\/ri2020.eu\/it\/il-progetto\/progetto-di-affiliazione\/\",\"name\":\"Progetto di affiliazione &#8226; Rijeka 2020\",\"isPartOf\":{\"@id\":\"https:\/\/ri2020.eu\/it\/#website\"},\"primaryImageOfPage\":{\"@id\":\"https:\/\/ri2020.eu\/it\/il-progetto\/progetto-di-affiliazione\/#primaryimage\"},\"image\":{\"@id\":\"https:\/\/ri2020.eu\/it\/il-progetto\/progetto-di-affiliazione\/#primaryimage\"},\"thumbnailUrl\":\"https:\/\/ri2020.eu\/wp-content\/uploads\/2019\/01\/Osobna-i-dru\u0161tvena-transformacija-za-ja\u010danje-zajednice.jpg\",\"datePublished\":\"2019-11-10T19:24:17+00:00\",\"dateModified\":\"2020-01-22T21:35:52+00:00\",\"breadcrumb\":{\"@id\":\"https:\/\/ri2020.eu\/it\/il-progetto\/progetto-di-affiliazione\/#breadcrumb\"},\"inLanguage\":\"it-IT\",\"potentialAction\":[{\"@type\":\"ReadAction\",\"target\":[\"https:\/\/ri2020.eu\/it\/il-progetto\/progetto-di-affiliazione\/\"]}]},{\"@type\":\"ImageObject\",\"inLanguage\":\"it-IT\",\"@id\":\"https:\/\/ri2020.eu\/it\/il-progetto\/progetto-di-affiliazione\/#primaryimage\",\"url\":\"https:\/\/ri2020.eu\/wp-content\/uploads\/2019\/01\/Osobna-i-dru\u0161tvena-transformacija-za-ja\u010danje-zajednice.jpg\",\"contentUrl\":\"https:\/\/ri2020.eu\/wp-content\/uploads\/2019\/01\/Osobna-i-dru\u0161tvena-transformacija-za-ja\u010danje-zajednice.jpg\",\"width\":960,\"height\":777},{\"@type\":\"BreadcrumbList\",\"@id\":\"https:\/\/ri2020.eu\/it\/il-progetto\/progetto-di-affiliazione\/#breadcrumb\",\"itemListElement\":[{\"@type\":\"ListItem\",\"position\":1,\"name\":\"Home\",\"item\":\"https:\/\/ri2020.eu\/it\/\"},{\"@type\":\"ListItem\",\"position\":2,\"name\":\"Il progetto\",\"item\":\"https:\/\/ri2020.eu\/it\/il-progetto\/\"},{\"@type\":\"ListItem\",\"position\":3,\"name\":\"Progetto di affiliazione\"}]},{\"@type\":\"WebSite\",\"@id\":\"https:\/\/ri2020.eu\/it\/#website\",\"url\":\"https:\/\/ri2020.eu\/it\/\",\"name\":\"Rijeka 2020\",\"description\":\"Europska prijestolnica kulture\",\"publisher\":{\"@id\":\"https:\/\/ri2020.eu\/it\/#organization\"},\"potentialAction\":[{\"@type\":\"SearchAction\",\"target\":{\"@type\":\"EntryPoint\",\"urlTemplate\":\"https:\/\/ri2020.eu\/it\/?s={search_term_string}\"},\"query-input\":{\"@type\":\"PropertyValueSpecification\",\"valueRequired\":true,\"valueName\":\"search_term_string\"}}],\"inLanguage\":\"it-IT\"},{\"@type\":\"Organization\",\"@id\":\"https:\/\/ri2020.eu\/it\/#organization\",\"name\":\"Rijeka 2020 d.o.o.\",\"url\":\"https:\/\/ri2020.eu\/it\/\",\"logo\":{\"@type\":\"ImageObject\",\"inLanguage\":\"it-IT\",\"@id\":\"https:\/\/ri2020.eu\/it\/#\/schema\/logo\/image\/\",\"url\":\"https:\/\/rijeka2020.eu\/wp-content\/uploads\/2018\/07\/Ri2020-logo.png\",\"contentUrl\":\"https:\/\/rijeka2020.eu\/wp-content\/uploads\/2018\/07\/Ri2020-logo.png\",\"width\":407,\"height\":175,\"caption\":\"Rijeka 2020 d.o.o.\"},\"image\":{\"@id\":\"https:\/\/ri2020.eu\/it\/#\/schema\/logo\/image\/\"},\"sameAs\":[\"https:\/\/www.facebook.com\/rijeka2020\",\"https:\/\/x.com\/Rijeka2020\",\"https:\/\/www.instagram.com\/rijeka2020\/\",\"https:\/\/www.youtube.com\/user\/riepk2020\"]}]}<\/script>\n<!-- \/ Yoast SEO plugin. -->","yoast_head_json":{"title":"Progetto di affiliazione &#8226; Rijeka 2020","robots":{"index":"index","follow":"follow","max-snippet":"max-snippet:-1","max-image-preview":"max-image-preview:large","max-video-preview":"max-video-preview:-1"},"canonical":"https:\/\/ri2020.eu\/it\/il-progetto\/progetto-di-affiliazione\/","og_locale":"it_IT","og_type":"article","og_title":"Progetto di affiliazione &#8226; Rijeka 2020","og_description":"Nell\u2019elenco dei co-organizzatori, dei co-produttori e degli altri partner inclusi nell\u2019organizzazione del programma culturale, ci sono pi\u00f9 di 250 organizzazioni con sede in Croazia o all\u2019estero. A queste si aggiungono numerosi cittadini che hanno aderito al progetto nelle forme pi\u00f9 svariate, come pure i diversi patrocinatori.","og_url":"https:\/\/ri2020.eu\/it\/il-progetto\/progetto-di-affiliazione\/","og_site_name":"Rijeka 2020","article_publisher":"https:\/\/www.facebook.com\/rijeka2020","article_modified_time":"2020-01-22T21:35:52+00:00","og_image":[{"width":960,"height":777,"url":"https:\/\/ri2020.eu\/wp-content\/uploads\/2019\/01\/Osobna-i-dru\u0161tvena-transformacija-za-ja\u010danje-zajednice.jpg","type":"image\/jpeg"}],"twitter_card":"summary_large_image","twitter_site":"@Rijeka2020","twitter_misc":{"Est. reading time":"4 minutes"},"schema":{"@context":"https:\/\/schema.org","@graph":[{"@type":"WebPage","@id":"https:\/\/ri2020.eu\/it\/il-progetto\/progetto-di-affiliazione\/","url":"https:\/\/ri2020.eu\/it\/il-progetto\/progetto-di-affiliazione\/","name":"Progetto di affiliazione &#8226; Rijeka 2020","isPartOf":{"@id":"https:\/\/ri2020.eu\/it\/#website"},"primaryImageOfPage":{"@id":"https:\/\/ri2020.eu\/it\/il-progetto\/progetto-di-affiliazione\/#primaryimage"},"image":{"@id":"https:\/\/ri2020.eu\/it\/il-progetto\/progetto-di-affiliazione\/#primaryimage"},"thumbnailUrl":"https:\/\/ri2020.eu\/wp-content\/uploads\/2019\/01\/Osobna-i-dru\u0161tvena-transformacija-za-ja\u010danje-zajednice.jpg","datePublished":"2019-11-10T19:24:17+00:00","dateModified":"2020-01-22T21:35:52+00:00","breadcrumb":{"@id":"https:\/\/ri2020.eu\/it\/il-progetto\/progetto-di-affiliazione\/#breadcrumb"},"inLanguage":"it-IT","potentialAction":[{"@type":"ReadAction","target":["https:\/\/ri2020.eu\/it\/il-progetto\/progetto-di-affiliazione\/"]}]},{"@type":"ImageObject","inLanguage":"it-IT","@id":"https:\/\/ri2020.eu\/it\/il-progetto\/progetto-di-affiliazione\/#primaryimage","url":"https:\/\/ri2020.eu\/wp-content\/uploads\/2019\/01\/Osobna-i-dru\u0161tvena-transformacija-za-ja\u010danje-zajednice.jpg","contentUrl":"https:\/\/ri2020.eu\/wp-content\/uploads\/2019\/01\/Osobna-i-dru\u0161tvena-transformacija-za-ja\u010danje-zajednice.jpg","width":960,"height":777},{"@type":"BreadcrumbList","@id":"https:\/\/ri2020.eu\/it\/il-progetto\/progetto-di-affiliazione\/#breadcrumb","itemListElement":[{"@type":"ListItem","position":1,"name":"Home","item":"https:\/\/ri2020.eu\/it\/"},{"@type":"ListItem","position":2,"name":"Il progetto","item":"https:\/\/ri2020.eu\/it\/il-progetto\/"},{"@type":"ListItem","position":3,"name":"Progetto di affiliazione"}]},{"@type":"WebSite","@id":"https:\/\/ri2020.eu\/it\/#website","url":"https:\/\/ri2020.eu\/it\/","name":"Rijeka 2020","description":"Europska prijestolnica kulture","publisher":{"@id":"https:\/\/ri2020.eu\/it\/#organization"},"potentialAction":[{"@type":"SearchAction","target":{"@type":"EntryPoint","urlTemplate":"https:\/\/ri2020.eu\/it\/?s={search_term_string}"},"query-input":{"@type":"PropertyValueSpecification","valueRequired":true,"valueName":"search_term_string"}}],"inLanguage":"it-IT"},{"@type":"Organization","@id":"https:\/\/ri2020.eu\/it\/#organization","name":"Rijeka 2020 d.o.o.","url":"https:\/\/ri2020.eu\/it\/","logo":{"@type":"ImageObject","inLanguage":"it-IT","@id":"https:\/\/ri2020.eu\/it\/#\/schema\/logo\/image\/","url":"https:\/\/rijeka2020.eu\/wp-content\/uploads\/2018\/07\/Ri2020-logo.png","contentUrl":"https:\/\/rijeka2020.eu\/wp-content\/uploads\/2018\/07\/Ri2020-logo.png","width":407,"height":175,"caption":"Rijeka 2020 d.o.o."},"image":{"@id":"https:\/\/ri2020.eu\/it\/#\/schema\/logo\/image\/"},"sameAs":["https:\/\/www.facebook.com\/rijeka2020","https:\/\/x.com\/Rijeka2020","https:\/\/www.instagram.com\/rijeka2020\/","https:\/\/www.youtube.com\/user\/riepk2020"]}]}},"_links":{"self":[{"href":"https:\/\/ri2020.eu\/it\/wp-json\/wp\/v2\/pages\/47586","targetHints":{"allow":["GET"]}}],"collection":[{"href":"https:\/\/ri2020.eu\/it\/wp-json\/wp\/v2\/pages"}],"about":[{"href":"https:\/\/ri2020.eu\/it\/wp-json\/wp\/v2\/types\/page"}],"author":[{"embeddable":true,"href":"https:\/\/ri2020.eu\/it\/wp-json\/wp\/v2\/users\/72"}],"replies":[{"embeddable":true,"href":"https:\/\/ri2020.eu\/it\/wp-json\/wp\/v2\/comments?post=47586"}],"version-history":[{"count":1,"href":"https:\/\/ri2020.eu\/it\/wp-json\/wp\/v2\/pages\/47586\/revisions"}],"predecessor-version":[{"id":47587,"href":"https:\/\/ri2020.eu\/it\/wp-json\/wp\/v2\/pages\/47586\/revisions\/47587"}],"up":[{"embeddable":true,"href":"https:\/\/ri2020.eu\/it\/wp-json\/wp\/v2\/pages\/35927"}],"wp:featuredmedia":[{"embeddable":true,"href":"https:\/\/ri2020.eu\/it\/wp-json\/wp\/v2\/media\/42065"}],"wp:attachment":[{"href":"https:\/\/ri2020.eu\/it\/wp-json\/wp\/v2\/media?parent=47586"}],"curies":[{"name":"wp","href":"https:\/\/api.w.org\/{rel}","templated":true}]}}