{"id":43800,"date":"2019-11-10T20:54:24","date_gmt":"2019-11-10T19:54:24","guid":{"rendered":"https:\/\/staging.rijeka2020.eu\/o-epk-projektu\/obnova-zgrada\/muzej-grada\/"},"modified":"2019-12-15T10:07:08","modified_gmt":"2019-12-15T09:07:08","slug":"muzej-grada","status":"publish","type":"page","link":"https:\/\/ri2020.eu\/en\/about-the-project\/buildings-renovation\/muzej-grada\/","title":{"rendered":"Rijeka City Museum"},"content":{"rendered":"<p>Refurbishment works on the former Sugar Refinery Palace, which will house the City Museum and its permanent holdings following renovation,\u00a0commenced in the spring of 2018 and cover an area of\u00a04,272 m<sup>2<\/sup>. The works are being carried out by the Slovene company VG5 d.o.o.<\/p>\n<p>The total value of the contracted works on the Sugar Refinery Palace is 48.5 million HRK. Institut IGH d.d. from Zagreb will carry out expert supervision. The cost of the expert supervision is 998,000 HRK.<\/p>\n<p>The renovation of the Sugar Refinery Palace and the ship Galeb is an integral part of the EU\u00a0project &#8220;Tourism Valorisation of Representative Industrial Heritage Monuments in Rijeka&#8221;.\u00a0 This project has received grants in the amount of 68.9 million HRK from the European Regional Development Fund as part of the Operational Programme Competitiveness and Cohesion.<\/p>\n<p>The project documentation for the execution of the reconstruction works on the Sugar Refinery Palace was drawn up by the Croatian Conservation Institute, with Irma Huji\u0107, PhD, as chief designer. The conceptual design of the new permanent exhibition of the City Museum of Rijeka was drafted by the designer Nikolina Jelavi\u0107 Mitrovi\u0107, a recipient of the European Museum of the Year Award for her work pertaining to the Vukovar City Museum and the author of the decorated exhibition at the Sinj Alka Museum. The value of the furnishing and installation of the permanent holdings is estimated at 5.7 million HRK.<\/p>\n<p>Following renovation and refurbishment, the City Museum of Rijeka will be relocated to the former headquarters of the Sugar Refinery Palace.<\/p>\n<p>Business premises comprising a book and gift shop, cafe\/pastry shop and tourism content will be located on the ground floor of the renovated building, while the permanent holdings of the City Museum on the first and second floors will tell the story of Rijeka&#8217;s history and culture.\u00a0The premises for the work of the curator and the supporting staff will be located on the third floor, while the technical spaces and storage rooms will be located in the attic. A new staircase will also be constructed for evacuation purposes along the western facade of the building.<\/p>\n<p>The permanent holdings of the City Museum will showcase many exhibits that are emblematic for Rijeka, such as the first torpedo in the world, the Naval Academy, Rijeka as an emigration port, the history of the city theatre, the skyscrapers in Rijeka, music, rock in Rijeka, the history of large companies in Rijeka &#8211; the Paper Factory, the Tobacco Factory&#8230; The items and artefacts from the museum&#8217;s holdings will be exhibited in over 30 rooms on two floors.<\/p>\n<p>With the renovation of the building, Rijeka will receive a representative cultural space with a lavish interior teeming with lush decorations, wall and ceiling paintings with mythological motifs, historical scenes from Antiquity and panoramas of imaginary cities.<\/p>\n<p>The Sugar Refinery Palace has been protected cultural property since 1970.\u00a0The Croatian Conservation Institute has conducted research and the obtained results have urged thoughtful consideration of its future utilisation.<\/p>\n","protected":false},"excerpt":{"rendered":"<p>Following the renovation and refurbishment of the so-called Sugar Refinery Palace, the City Museum of Rijeka will be relocated to the art neighbourhood in the location of the former Rikard Ben\u010di\u0107 factory.<\/p>\n","protected":false},"author":72,"featured_media":34837,"parent":43794,"menu_order":2,"comment_status":"closed","ping_status":"closed","template":"template-page-next.php","meta":{"_acf_changed":false,"footnotes":""},"class_list":["post-43800","page","type-page","status-publish","has-post-thumbnail","hentry"],"acf":[],"yoast_head":"<!-- This site is optimized with the Yoast SEO plugin v26.8 - https:\/\/yoast.com\/product\/yoast-seo-wordpress\/ -->\n<title>Rijeka City Museum &#8226; Rijeka 2020<\/title>\n<meta name=\"robots\" content=\"index, follow, max-snippet:-1, max-image-preview:large, max-video-preview:-1\" \/>\n<link rel=\"canonical\" href=\"https:\/\/ri2020.eu\/en\/about-the-project\/buildings-renovation\/muzej-grada\/\" \/>\n<meta property=\"og:locale\" content=\"en_US\" \/>\n<meta property=\"og:type\" content=\"article\" \/>\n<meta property=\"og:title\" content=\"Rijeka City Museum &#8226; Rijeka 2020\" \/>\n<meta property=\"og:description\" content=\"Following the renovation and refurbishment of the so-called Sugar Refinery Palace, the City Museum of Rijeka will be relocated to the art neighbourhood in the location of the former Rikard Ben\u010di\u0107 factory.\" \/>\n<meta property=\"og:url\" content=\"https:\/\/ri2020.eu\/en\/about-the-project\/buildings-renovation\/muzej-grada\/\" \/>\n<meta property=\"og:site_name\" content=\"Rijeka 2020\" \/>\n<meta property=\"article:publisher\" content=\"https:\/\/www.facebook.com\/rijeka2020\" \/>\n<meta property=\"article:modified_time\" content=\"2019-12-15T09:07:08+00:00\" \/>\n<meta property=\"og:image\" content=\"https:\/\/ri2020.eu\/wp-content\/uploads\/2019\/11\/Upravna-zgrada-Pala\u010da-\u0160e\u0107erane-rijeka.hr_.jpg\" \/>\n\t<meta property=\"og:image:width\" content=\"771\" \/>\n\t<meta property=\"og:image:height\" content=\"600\" \/>\n\t<meta property=\"og:image:type\" content=\"image\/jpeg\" \/>\n<meta name=\"twitter:card\" content=\"summary_large_image\" \/>\n<meta name=\"twitter:site\" content=\"@Rijeka2020\" \/>\n<meta name=\"twitter:label1\" content=\"Est. reading time\" \/>\n\t<meta name=\"twitter:data1\" content=\"2 minutes\" \/>\n<script type=\"application\/ld+json\" class=\"yoast-schema-graph\">{\"@context\":\"https:\/\/schema.org\",\"@graph\":[{\"@type\":\"WebPage\",\"@id\":\"https:\/\/ri2020.eu\/en\/about-the-project\/buildings-renovation\/muzej-grada\/\",\"url\":\"https:\/\/ri2020.eu\/en\/about-the-project\/buildings-renovation\/muzej-grada\/\",\"name\":\"Rijeka City Museum &#8226; Rijeka 2020\",\"isPartOf\":{\"@id\":\"https:\/\/ri2020.eu\/en\/#website\"},\"primaryImageOfPage\":{\"@id\":\"https:\/\/ri2020.eu\/en\/about-the-project\/buildings-renovation\/muzej-grada\/#primaryimage\"},\"image\":{\"@id\":\"https:\/\/ri2020.eu\/en\/about-the-project\/buildings-renovation\/muzej-grada\/#primaryimage\"},\"thumbnailUrl\":\"https:\/\/ri2020.eu\/wp-content\/uploads\/2019\/11\/Upravna-zgrada-Pala\u010da-\u0160e\u0107erane-rijeka.hr_.jpg\",\"datePublished\":\"2019-11-10T19:54:24+00:00\",\"dateModified\":\"2019-12-15T09:07:08+00:00\",\"breadcrumb\":{\"@id\":\"https:\/\/ri2020.eu\/en\/about-the-project\/buildings-renovation\/muzej-grada\/#breadcrumb\"},\"inLanguage\":\"en-US\",\"potentialAction\":[{\"@type\":\"ReadAction\",\"target\":[\"https:\/\/ri2020.eu\/en\/about-the-project\/buildings-renovation\/muzej-grada\/\"]}]},{\"@type\":\"ImageObject\",\"inLanguage\":\"en-US\",\"@id\":\"https:\/\/ri2020.eu\/en\/about-the-project\/buildings-renovation\/muzej-grada\/#primaryimage\",\"url\":\"https:\/\/ri2020.eu\/wp-content\/uploads\/2019\/11\/Upravna-zgrada-Pala\u010da-\u0160e\u0107erane-rijeka.hr_.jpg\",\"contentUrl\":\"https:\/\/ri2020.eu\/wp-content\/uploads\/2019\/11\/Upravna-zgrada-Pala\u010da-\u0160e\u0107erane-rijeka.hr_.jpg\",\"width\":771,\"height\":600},{\"@type\":\"BreadcrumbList\",\"@id\":\"https:\/\/ri2020.eu\/en\/about-the-project\/buildings-renovation\/muzej-grada\/#breadcrumb\",\"itemListElement\":[{\"@type\":\"ListItem\",\"position\":1,\"name\":\"Home\",\"item\":\"https:\/\/ri2020.eu\/en\/\"},{\"@type\":\"ListItem\",\"position\":2,\"name\":\"About the project\",\"item\":\"https:\/\/ri2020.eu\/en\/about-the-project\/\"},{\"@type\":\"ListItem\",\"position\":3,\"name\":\"Buildings renovation\",\"item\":\"https:\/\/ri2020.eu\/en\/about-the-project\/buildings-renovation\/\"},{\"@type\":\"ListItem\",\"position\":4,\"name\":\"Rijeka City Museum\"}]},{\"@type\":\"WebSite\",\"@id\":\"https:\/\/ri2020.eu\/en\/#website\",\"url\":\"https:\/\/ri2020.eu\/en\/\",\"name\":\"Rijeka 2020\",\"description\":\"Europska prijestolnica kulture\",\"publisher\":{\"@id\":\"https:\/\/ri2020.eu\/en\/#organization\"},\"potentialAction\":[{\"@type\":\"SearchAction\",\"target\":{\"@type\":\"EntryPoint\",\"urlTemplate\":\"https:\/\/ri2020.eu\/en\/?s={search_term_string}\"},\"query-input\":{\"@type\":\"PropertyValueSpecification\",\"valueRequired\":true,\"valueName\":\"search_term_string\"}}],\"inLanguage\":\"en-US\"},{\"@type\":\"Organization\",\"@id\":\"https:\/\/ri2020.eu\/en\/#organization\",\"name\":\"Rijeka 2020 d.o.o.\",\"url\":\"https:\/\/ri2020.eu\/en\/\",\"logo\":{\"@type\":\"ImageObject\",\"inLanguage\":\"en-US\",\"@id\":\"https:\/\/ri2020.eu\/en\/#\/schema\/logo\/image\/\",\"url\":\"https:\/\/rijeka2020.eu\/wp-content\/uploads\/2018\/07\/Ri2020-logo.png\",\"contentUrl\":\"https:\/\/rijeka2020.eu\/wp-content\/uploads\/2018\/07\/Ri2020-logo.png\",\"width\":407,\"height\":175,\"caption\":\"Rijeka 2020 d.o.o.\"},\"image\":{\"@id\":\"https:\/\/ri2020.eu\/en\/#\/schema\/logo\/image\/\"},\"sameAs\":[\"https:\/\/www.facebook.com\/rijeka2020\",\"https:\/\/x.com\/Rijeka2020\",\"https:\/\/www.instagram.com\/rijeka2020\/\",\"https:\/\/www.youtube.com\/user\/riepk2020\"]}]}<\/script>\n<!-- \/ Yoast SEO plugin. -->","yoast_head_json":{"title":"Rijeka City Museum &#8226; Rijeka 2020","robots":{"index":"index","follow":"follow","max-snippet":"max-snippet:-1","max-image-preview":"max-image-preview:large","max-video-preview":"max-video-preview:-1"},"canonical":"https:\/\/ri2020.eu\/en\/about-the-project\/buildings-renovation\/muzej-grada\/","og_locale":"en_US","og_type":"article","og_title":"Rijeka City Museum &#8226; Rijeka 2020","og_description":"Following the renovation and refurbishment of the so-called Sugar Refinery Palace, the City Museum of Rijeka will be relocated to the art neighbourhood in the location of the former Rikard Ben\u010di\u0107 factory.","og_url":"https:\/\/ri2020.eu\/en\/about-the-project\/buildings-renovation\/muzej-grada\/","og_site_name":"Rijeka 2020","article_publisher":"https:\/\/www.facebook.com\/rijeka2020","article_modified_time":"2019-12-15T09:07:08+00:00","og_image":[{"width":771,"height":600,"url":"https:\/\/ri2020.eu\/wp-content\/uploads\/2019\/11\/Upravna-zgrada-Pala\u010da-\u0160e\u0107erane-rijeka.hr_.jpg","type":"image\/jpeg"}],"twitter_card":"summary_large_image","twitter_site":"@Rijeka2020","twitter_misc":{"Est. reading time":"2 minutes"},"schema":{"@context":"https:\/\/schema.org","@graph":[{"@type":"WebPage","@id":"https:\/\/ri2020.eu\/en\/about-the-project\/buildings-renovation\/muzej-grada\/","url":"https:\/\/ri2020.eu\/en\/about-the-project\/buildings-renovation\/muzej-grada\/","name":"Rijeka City Museum &#8226; Rijeka 2020","isPartOf":{"@id":"https:\/\/ri2020.eu\/en\/#website"},"primaryImageOfPage":{"@id":"https:\/\/ri2020.eu\/en\/about-the-project\/buildings-renovation\/muzej-grada\/#primaryimage"},"image":{"@id":"https:\/\/ri2020.eu\/en\/about-the-project\/buildings-renovation\/muzej-grada\/#primaryimage"},"thumbnailUrl":"https:\/\/ri2020.eu\/wp-content\/uploads\/2019\/11\/Upravna-zgrada-Pala\u010da-\u0160e\u0107erane-rijeka.hr_.jpg","datePublished":"2019-11-10T19:54:24+00:00","dateModified":"2019-12-15T09:07:08+00:00","breadcrumb":{"@id":"https:\/\/ri2020.eu\/en\/about-the-project\/buildings-renovation\/muzej-grada\/#breadcrumb"},"inLanguage":"en-US","potentialAction":[{"@type":"ReadAction","target":["https:\/\/ri2020.eu\/en\/about-the-project\/buildings-renovation\/muzej-grada\/"]}]},{"@type":"ImageObject","inLanguage":"en-US","@id":"https:\/\/ri2020.eu\/en\/about-the-project\/buildings-renovation\/muzej-grada\/#primaryimage","url":"https:\/\/ri2020.eu\/wp-content\/uploads\/2019\/11\/Upravna-zgrada-Pala\u010da-\u0160e\u0107erane-rijeka.hr_.jpg","contentUrl":"https:\/\/ri2020.eu\/wp-content\/uploads\/2019\/11\/Upravna-zgrada-Pala\u010da-\u0160e\u0107erane-rijeka.hr_.jpg","width":771,"height":600},{"@type":"BreadcrumbList","@id":"https:\/\/ri2020.eu\/en\/about-the-project\/buildings-renovation\/muzej-grada\/#breadcrumb","itemListElement":[{"@type":"ListItem","position":1,"name":"Home","item":"https:\/\/ri2020.eu\/en\/"},{"@type":"ListItem","position":2,"name":"About the project","item":"https:\/\/ri2020.eu\/en\/about-the-project\/"},{"@type":"ListItem","position":3,"name":"Buildings renovation","item":"https:\/\/ri2020.eu\/en\/about-the-project\/buildings-renovation\/"},{"@type":"ListItem","position":4,"name":"Rijeka City Museum"}]},{"@type":"WebSite","@id":"https:\/\/ri2020.eu\/en\/#website","url":"https:\/\/ri2020.eu\/en\/","name":"Rijeka 2020","description":"Europska prijestolnica kulture","publisher":{"@id":"https:\/\/ri2020.eu\/en\/#organization"},"potentialAction":[{"@type":"SearchAction","target":{"@type":"EntryPoint","urlTemplate":"https:\/\/ri2020.eu\/en\/?s={search_term_string}"},"query-input":{"@type":"PropertyValueSpecification","valueRequired":true,"valueName":"search_term_string"}}],"inLanguage":"en-US"},{"@type":"Organization","@id":"https:\/\/ri2020.eu\/en\/#organization","name":"Rijeka 2020 d.o.o.","url":"https:\/\/ri2020.eu\/en\/","logo":{"@type":"ImageObject","inLanguage":"en-US","@id":"https:\/\/ri2020.eu\/en\/#\/schema\/logo\/image\/","url":"https:\/\/rijeka2020.eu\/wp-content\/uploads\/2018\/07\/Ri2020-logo.png","contentUrl":"https:\/\/rijeka2020.eu\/wp-content\/uploads\/2018\/07\/Ri2020-logo.png","width":407,"height":175,"caption":"Rijeka 2020 d.o.o."},"image":{"@id":"https:\/\/ri2020.eu\/en\/#\/schema\/logo\/image\/"},"sameAs":["https:\/\/www.facebook.com\/rijeka2020","https:\/\/x.com\/Rijeka2020","https:\/\/www.instagram.com\/rijeka2020\/","https:\/\/www.youtube.com\/user\/riepk2020"]}]}},"_links":{"self":[{"href":"https:\/\/ri2020.eu\/en\/wp-json\/wp\/v2\/pages\/43800","targetHints":{"allow":["GET"]}}],"collection":[{"href":"https:\/\/ri2020.eu\/en\/wp-json\/wp\/v2\/pages"}],"about":[{"href":"https:\/\/ri2020.eu\/en\/wp-json\/wp\/v2\/types\/page"}],"author":[{"embeddable":true,"href":"https:\/\/ri2020.eu\/en\/wp-json\/wp\/v2\/users\/72"}],"replies":[{"embeddable":true,"href":"https:\/\/ri2020.eu\/en\/wp-json\/wp\/v2\/comments?post=43800"}],"version-history":[{"count":3,"href":"https:\/\/ri2020.eu\/en\/wp-json\/wp\/v2\/pages\/43800\/revisions"}],"predecessor-version":[{"id":44840,"href":"https:\/\/ri2020.eu\/en\/wp-json\/wp\/v2\/pages\/43800\/revisions\/44840"}],"up":[{"embeddable":true,"href":"https:\/\/ri2020.eu\/en\/wp-json\/wp\/v2\/pages\/43794"}],"wp:featuredmedia":[{"embeddable":true,"href":"https:\/\/ri2020.eu\/en\/wp-json\/wp\/v2\/media\/34837"}],"wp:attachment":[{"href":"https:\/\/ri2020.eu\/en\/wp-json\/wp\/v2\/media?parent=43800"}],"curies":[{"name":"wp","href":"https:\/\/api.w.org\/{rel}","templated":true}]}}